{"id":8,"date":"2021-02-26T00:13:17","date_gmt":"2021-02-26T00:13:17","guid":{"rendered":"https:\/\/elgaragehub.com\/gobiernodemexicali\/innovandolaculturaambiental\/?page_id=8"},"modified":"2021-11-11T23:01:35","modified_gmt":"2021-11-11T23:01:35","slug":"eco-escuela","status":"publish","type":"page","link":"https:\/\/elgaragehub.com\/gobiernodemexicali\/innovandolaculturaambiental\/eco-escuela\/","title":{"rendered":"Eco Escuela"},"content":{"rendered":"<p>[et_pb_section fb_built=&#8221;1&#8243; custom_padding_last_edited=&#8221;on|tablet&#8221; admin_label=&#8221;Header&#8221; _builder_version=&#8221;4.9.0&#8243; background_color=&#8221;#fcfaf7&#8243; background_image=&#8221;https:\/\/elgaragehub.com\/gobiernodemexicali\/innovandolaculturaambiental\/wp-content\/uploads\/2021\/05\/Fondo-web-Header1.png&#8221; background_size=&#8221;contain&#8221; background_position=&#8221;top_left&#8221; custom_padding_tablet=&#8221;||0vw|&#8221; custom_padding_phone=&#8221;&#8221; bottom_divider_height=&#8221;80%&#8221; bottom_divider_repeat=&#8221;0.6x&#8221; bottom_divider_flip=&#8221;vertical|horizontal&#8221;][et_pb_row column_structure=&#8221;1_2,1_2&#8243; _builder_version=&#8221;4.9.0&#8243; custom_margin=&#8221;200px|auto||auto||&#8221; custom_margin_tablet=&#8221;||&#8221; custom_margin_phone=&#8221;0px|||&#8221; custom_margin_last_edited=&#8221;on|tablet&#8221;][et_pb_column type=&#8221;1_2&#8243; _builder_version=&#8221;3.25&#8243; custom_padding=&#8221;|||&#8221; custom_padding__hover=&#8221;|||&#8221;][et_pb_image src=&#8221;https:\/\/elgaragehub.com\/gobiernodemexicali\/innovandolaculturaambiental\/wp-content\/uploads\/2021\/05\/Logo-Eco-Escuela.png&#8221; title_text=&#8221;Logo Eco Escuela&#8221; _builder_version=&#8221;4.9.0&#8243; width_tablet=&#8221;300px&#8221; width_phone=&#8221;60%&#8221; width_last_edited=&#8221;on|tablet&#8221; custom_margin=&#8221;||24px|||&#8221; always_center_on_mobile=&#8221;off&#8221;][\/et_pb_image][et_pb_text _builder_version=&#8221;4.9.0&#8243; text_font=&#8221;Open Sans||||||||&#8221; text_font_size=&#8221;17px&#8221; text_letter_spacing=&#8221;0.5px&#8221; text_line_height=&#8221;2em&#8221; transform_scale_tablet=&#8221;&#8221; transform_scale_phone=&#8221;&#8221; transform_scale_last_edited=&#8221;on|desktop&#8221; transform_translate_tablet=&#8221;&#8221; transform_translate_phone=&#8221;&#8221; transform_translate_last_edited=&#8221;on|desktop&#8221; transform_rotate_tablet=&#8221;&#8221; transform_rotate_phone=&#8221;&#8221; transform_rotate_last_edited=&#8221;on|desktop&#8221; transform_skew_tablet=&#8221;&#8221; transform_skew_phone=&#8221;&#8221; transform_skew_last_edited=&#8221;on|desktop&#8221; transform_origin_tablet=&#8221;&#8221; transform_origin_phone=&#8221;&#8221; transform_origin_last_edited=&#8221;on|desktop&#8221; transform_styles_last_edited=&#8221;on|desktop&#8221; text_font_size_tablet=&#8221;16px&#8221; text_font_size_phone=&#8221;14px&#8221; text_font_size_last_edited=&#8221;on|phone&#8221; text_letter_spacing_tablet=&#8221;&#8221; text_letter_spacing_phone=&#8221;0px&#8221; text_letter_spacing_last_edited=&#8221;on|tablet&#8221; transform_styles_tablet=&#8221;&#8221; transform_styles_phone=&#8221;&#8221; locked=&#8221;off&#8221;]<\/p>\n<p><span style=\"font-weight: 400;\">Esta secci\u00f3n est\u00e1 dedicada a toda la comunidad escolar que tenga inter\u00e9s en compartir proyectos, iniciativas y experiencias que promuevan la participaci\u00f3n y promoci\u00f3n de buenas pr\u00e1cticas e innovaci\u00f3n medio ambiental. Los participantes se podr\u00e1n dar de alta en la comunidad ECO Escuela con un perfil docente para compartir experiencias y resultados de sus proyectos medio ambientales.\u00a0<\/span><\/p>\n<p>[\/et_pb_text][\/et_pb_column][et_pb_column type=&#8221;1_2&#8243; _builder_version=&#8221;3.25&#8243; custom_padding=&#8221;|||&#8221; custom_padding__hover=&#8221;|||&#8221;][et_pb_text _builder_version=&#8221;3.27.4&#8243; header_font=&#8221;Cormorant Garamond|700|||||||&#8221; header_text_color=&#8221;#002855&#8243; header_font_size=&#8221;70px&#8221; header_letter_spacing=&#8221;1px&#8221; header_line_height=&#8221;1.2em&#8221; custom_margin=&#8221;||29px|||&#8221; header_font_size_tablet=&#8221;40px&#8221; header_font_size_phone=&#8221;34px&#8221; header_font_size_last_edited=&#8221;on|desktop&#8221; header_letter_spacing_tablet=&#8221;0px&#8221; header_letter_spacing_phone=&#8221;0px&#8221; header_letter_spacing_last_edited=&#8221;on|tablet&#8221;][\/et_pb_text][et_pb_blurb title=&#8221;Foro Ambiental 2021&#8243; url=&#8221;#foro&#8221; image=&#8221;https:\/\/elgaragehub.com\/gobiernodemexicali\/innovandolaculturaambiental\/wp-content\/uploads\/2021\/05\/Logo-linea-verde-Capacitacion-docente.png&#8221; icon_placement=&#8221;left&#8221; image_max_width=&#8221;90px&#8221; content_max_width=&#8221;800px&#8221; image_max_width_tablet=&#8221;&#8221; image_max_width_phone=&#8221;60px&#8221; image_max_width_last_edited=&#8221;on|phone&#8221; _builder_version=&#8221;4.9.0&#8243; header_font=&#8221;Bebas Neue|700|||||||&#8221; header_text_color=&#8221;#32855E&#8221; header_font_size=&#8221;26px&#8221; body_font=&#8221;||||||||&#8221; body_font_size=&#8221;15px&#8221; body_line_height=&#8221;2em&#8221; background_color=&#8221;#ffffff&#8221; background_color_gradient_direction=&#8221;-60deg&#8221; custom_margin=&#8221;||&#8221; custom_padding=&#8221;30px|30px|30px|30px|true|true&#8221; animation=&#8221;off&#8221; link_option_url=&#8221;#foro&#8221; header_font_size_tablet=&#8221;&#8221; header_font_size_phone=&#8221;21px&#8221; header_font_size_last_edited=&#8221;on|phone&#8221; body_font_size_tablet=&#8221;&#8221; body_font_size_phone=&#8221;14px&#8221; body_font_size_last_edited=&#8221;on|phone&#8221; body_line_height_tablet=&#8221;&#8221; body_line_height_phone=&#8221;1.8em&#8221; body_line_height_last_edited=&#8221;on|phone&#8221; border_radii=&#8221;on|6px|6px|6px|6px&#8221; box_shadow_style=&#8221;preset6&#8243; box_shadow_blur=&#8221;0px&#8221; box_shadow_spread=&#8221;2px&#8221; box_shadow_color=&#8221;rgba(0,0,0,0.1)&#8221; locked=&#8221;off&#8221;]<\/p>\n<p>Foro virtual para la promoci\u00f3n de buenas pr\u00e1cticas que fomente el cuidado y protecci\u00f3n al medio ambiente, donde expertos de diferentes \u00e1reas compartir\u00e1n experiencias y resultados a un futuro sostenible.<\/p>\n<p>[\/et_pb_blurb][et_pb_blurb title=&#8221;Comunidad&#8221; url=&#8221;#comunidad&#8221; image=&#8221;https:\/\/elgaragehub.com\/gobiernodemexicali\/innovandolaculturaambiental\/wp-content\/uploads\/2021\/05\/Logo-linea-verde-Maraton-ambiental.png&#8221; icon_placement=&#8221;left&#8221; image_max_width=&#8221;90px&#8221; content_max_width=&#8221;800px&#8221; image_max_width_tablet=&#8221;&#8221; image_max_width_phone=&#8221;60px&#8221; image_max_width_last_edited=&#8221;on|phone&#8221; _builder_version=&#8221;4.9.0&#8243; header_font=&#8221;Bebas Neue|700|||||||&#8221; header_text_color=&#8221;#32855E&#8221; header_font_size=&#8221;26px&#8221; body_font=&#8221;||||||||&#8221; body_font_size=&#8221;15px&#8221; body_line_height=&#8221;2em&#8221; background_color=&#8221;#ffffff&#8221; background_color_gradient_direction=&#8221;-60deg&#8221; custom_margin=&#8221;||&#8221; custom_padding=&#8221;30px|30px|30px|30px|true|true&#8221; animation=&#8221;off&#8221; link_option_url=&#8221;#comunidad&#8221; header_font_size_tablet=&#8221;&#8221; header_font_size_phone=&#8221;21px&#8221; header_font_size_last_edited=&#8221;on|phone&#8221; body_font_size_tablet=&#8221;&#8221; body_font_size_phone=&#8221;14px&#8221; body_font_size_last_edited=&#8221;on|phone&#8221; body_line_height_tablet=&#8221;&#8221; body_line_height_phone=&#8221;1.8em&#8221; body_line_height_last_edited=&#8221;on|phone&#8221; border_radii=&#8221;on|6px|6px|6px|6px&#8221; box_shadow_style=&#8221;preset6&#8243; box_shadow_blur=&#8221;0px&#8221; box_shadow_spread=&#8221;2px&#8221; box_shadow_color=&#8221;rgba(0,0,0,0.1)&#8221; locked=&#8221;off&#8221;]<\/p>\n<p><span style=\"font-weight: 400;\">Espacio para compartir experiencias y resultados sobre proyectos medio ambientales.\u00a0<\/span><\/p>\n<p>[\/et_pb_blurb][et_pb_blurb title=&#8221;Directorio Ambiental&#8221; url=&#8221;#directorio&#8221; image=&#8221;https:\/\/elgaragehub.com\/gobiernodemexicali\/innovandolaculturaambiental\/wp-content\/uploads\/2021\/05\/Logo-linea-verde-Actividades.png&#8221; icon_placement=&#8221;left&#8221; image_max_width=&#8221;90px&#8221; content_max_width=&#8221;800px&#8221; image_max_width_tablet=&#8221;&#8221; image_max_width_phone=&#8221;60px&#8221; image_max_width_last_edited=&#8221;on|phone&#8221; _builder_version=&#8221;4.9.0&#8243; header_font=&#8221;Bebas Neue|700|||||||&#8221; header_text_color=&#8221;#32855E&#8221; header_font_size=&#8221;26px&#8221; body_font=&#8221;||||||||&#8221; body_font_size=&#8221;15px&#8221; body_line_height=&#8221;2em&#8221; background_color=&#8221;#ffffff&#8221; background_color_gradient_direction=&#8221;-60deg&#8221; custom_margin=&#8221;||&#8221; custom_padding=&#8221;30px|30px|30px|30px|true|true&#8221; animation=&#8221;off&#8221; link_option_url=&#8221;#directorio&#8221; header_font_size_tablet=&#8221;&#8221; header_font_size_phone=&#8221;21px&#8221; header_font_size_last_edited=&#8221;on|phone&#8221; body_font_size_tablet=&#8221;&#8221; body_font_size_phone=&#8221;14px&#8221; body_font_size_last_edited=&#8221;on|phone&#8221; body_line_height_tablet=&#8221;&#8221; body_line_height_phone=&#8221;1.8em&#8221; body_line_height_last_edited=&#8221;on|phone&#8221; border_radii=&#8221;on|6px|6px|6px|6px&#8221; box_shadow_style=&#8221;preset6&#8243; box_shadow_blur=&#8221;0px&#8221; box_shadow_spread=&#8221;2px&#8221; box_shadow_color=&#8221;rgba(0,0,0,0.1)&#8221; locked=&#8221;off&#8221;]<\/p>\n<p><span style=\"font-weight: 400;\">Asociaciones o empresas que trabajan para un mejoramiento del medio en nuestra ciudad.<\/span><\/p>\n<p>[\/et_pb_blurb][\/et_pb_column][\/et_pb_row][\/et_pb_section][et_pb_section fb_built=&#8221;1&#8243; admin_label=&#8221;Blog&#8221; module_id=&#8221;foro&#8221; _builder_version=&#8221;4.9.0&#8243; locked=&#8221;off&#8221;][et_pb_row _builder_version=&#8221;3.25&#8243;][et_pb_column type=&#8221;4_4&#8243; _builder_version=&#8221;3.25&#8243; custom_padding=&#8221;|||&#8221; custom_padding__hover=&#8221;|||&#8221;][et_pb_text _builder_version=&#8221;4.9.0&#8243; text_font=&#8221;||||||||&#8221; header_font=&#8221;Bebas Neue||||||||&#8221; header_2_font=&#8221;Bebas Neue|700|||||||&#8221; header_2_text_color=&#8221;#002855&#8243; header_2_font_size=&#8221;50px&#8221; header_2_line_height=&#8221;1.2em&#8221; text_orientation=&#8221;center&#8221; max_width=&#8221;600px&#8221; module_alignment=&#8221;center&#8221; header_2_font_size_tablet=&#8221;36px&#8221; header_2_font_size_phone=&#8221;28px&#8221; header_2_font_size_last_edited=&#8221;on|phone&#8221; header_2_letter_spacing_tablet=&#8221;0px&#8221; header_2_letter_spacing_phone=&#8221;0px&#8221; header_2_letter_spacing_last_edited=&#8221;off|tablet&#8221; locked=&#8221;off&#8221;]<\/p>\n<h2>Foro ambiental 2021<\/h2>\n<p>[\/et_pb_text][et_pb_text _builder_version=&#8221;4.9.0&#8243; text_font=&#8221;Open Sans||||||||&#8221; text_font_size=&#8221;17px&#8221; text_letter_spacing=&#8221;0.5px&#8221; text_line_height=&#8221;2em&#8221; transform_scale_tablet=&#8221;&#8221; transform_scale_phone=&#8221;&#8221; transform_scale_last_edited=&#8221;on|desktop&#8221; transform_translate_tablet=&#8221;&#8221; transform_translate_phone=&#8221;&#8221; transform_translate_last_edited=&#8221;on|desktop&#8221; transform_rotate_tablet=&#8221;&#8221; transform_rotate_phone=&#8221;&#8221; transform_rotate_last_edited=&#8221;on|desktop&#8221; transform_skew_tablet=&#8221;&#8221; transform_skew_phone=&#8221;&#8221; transform_skew_last_edited=&#8221;on|desktop&#8221; transform_origin_tablet=&#8221;&#8221; transform_origin_phone=&#8221;&#8221; transform_origin_last_edited=&#8221;on|desktop&#8221; transform_styles_last_edited=&#8221;on|desktop&#8221; text_font_size_tablet=&#8221;16px&#8221; text_font_size_phone=&#8221;14px&#8221; text_font_size_last_edited=&#8221;on|phone&#8221; text_letter_spacing_tablet=&#8221;&#8221; text_letter_spacing_phone=&#8221;0px&#8221; text_letter_spacing_last_edited=&#8221;on|tablet&#8221; transform_styles_tablet=&#8221;&#8221; transform_styles_phone=&#8221;&#8221; locked=&#8221;off&#8221;]<\/p>\n<p style=\"text-align: center;\">En donde diversos expertos y l\u00edderes de nuestra ciudad en temas ambientales se sientan a conversar y compartir sobre los ejes del medio que m\u00e1s relevantes. Adem\u00e1s de encontrar un Directorio Ambiental para consultar asociaciones o empresas que trabajan para un mejoramiento del medio en nuestra ciudad.<\/p>\n<p>[\/et_pb_text][\/et_pb_column][\/et_pb_row][et_pb_row column_structure=&#8221;1_2,1_2&#8243; _builder_version=&#8221;4.9.0&#8243; _module_preset=&#8221;default&#8221; max_width=&#8221;1300px&#8221;][et_pb_column type=&#8221;1_2&#8243; _builder_version=&#8221;4.9.0&#8243; _module_preset=&#8221;default&#8221;][et_pb_image src=&#8221;https:\/\/elgaragehub.com\/gobiernodemexicali\/innovandolaculturaambiental\/wp-content\/uploads\/2021\/10\/Horario-Foro-Ambiental-2.png&#8221; title_text=&#8221;Horario &#8211; Foro Ambiental 2&#8243; _builder_version=&#8221;4.9.0&#8243; _module_preset=&#8221;default&#8221;][\/et_pb_image][et_pb_video src=&#8221;https:\/\/www.youtube.com\/watch?v=dZp1iGx80UI&#8221; _builder_version=&#8221;4.9.0&#8243; _module_preset=&#8221;default&#8221;][\/et_pb_video][\/et_pb_column][et_pb_column type=&#8221;1_2&#8243; _builder_version=&#8221;4.9.0&#8243; _module_preset=&#8221;default&#8221;][et_pb_image src=&#8221;https:\/\/elgaragehub.com\/gobiernodemexicali\/innovandolaculturaambiental\/wp-content\/uploads\/2021\/10\/Horario-Foro-Ambiental-3.png&#8221; title_text=&#8221;Horario &#8211; Foro Ambiental 3&#8243; _builder_version=&#8221;4.9.0&#8243; _module_preset=&#8221;default&#8221;][\/et_pb_image][et_pb_video src=&#8221;https:\/\/www.youtube.com\/watch?v=Q0pVHFbpWg8&#8243; _builder_version=&#8221;4.9.0&#8243; _module_preset=&#8221;default&#8221;][\/et_pb_video][\/et_pb_column][\/et_pb_row][\/et_pb_section][et_pb_section fb_built=&#8221;1&#8243; admin_label=&#8221;Blog&#8221; module_id=&#8221;comunidad&#8221; _builder_version=&#8221;4.9.0&#8243; locked=&#8221;off&#8221;][et_pb_row _builder_version=&#8221;3.25&#8243;][et_pb_column type=&#8221;4_4&#8243; _builder_version=&#8221;3.25&#8243; custom_padding=&#8221;|||&#8221; custom_padding__hover=&#8221;|||&#8221;][et_pb_text _builder_version=&#8221;4.9.0&#8243; text_font=&#8221;||||||||&#8221; header_font=&#8221;Bebas Neue||||||||&#8221; header_2_font=&#8221;Bebas Neue|700|||||||&#8221; header_2_text_color=&#8221;#002855&#8243; header_2_font_size=&#8221;50px&#8221; header_2_line_height=&#8221;1.2em&#8221; text_orientation=&#8221;center&#8221; max_width=&#8221;600px&#8221; module_alignment=&#8221;center&#8221; header_2_font_size_tablet=&#8221;36px&#8221; header_2_font_size_phone=&#8221;28px&#8221; header_2_font_size_last_edited=&#8221;on|phone&#8221; header_2_letter_spacing_tablet=&#8221;0px&#8221; header_2_letter_spacing_phone=&#8221;0px&#8221; header_2_letter_spacing_last_edited=&#8221;off|tablet&#8221; locked=&#8221;off&#8221;]<\/p>\n<h2>Comunidad<\/h2>\n<p>[\/et_pb_text][et_pb_blog fullwidth=&#8221;off&#8221; posts_number=&#8221;6&#8243; include_categories=&#8221;70&#8243; _builder_version=&#8221;4.9.0&#8243; header_font=&#8221;Rubik||||||||&#8221; header_text_color=&#8221;#002855&#8243; header_line_height=&#8221;1.4em&#8221; body_font=&#8221;||||||||&#8221; body_line_height=&#8221;2em&#8221; meta_font=&#8221;|600|||||||&#8221; meta_text_color=&#8221;#4ca67d&#8221; meta_font_size=&#8221;12px&#8221; meta_line_height=&#8221;2em&#8221; pagination_font=&#8221;Rubik||||||||&#8221; pagination_text_color=&#8221;#4CA67D&#8221; pagination_font_size=&#8221;20px&#8221; border_radii=&#8221;on|24px|24px|24px|24px&#8221; border_width_all=&#8221;0px&#8221; box_shadow_style=&#8221;preset1&#8243; box_shadow_vertical=&#8221;90px&#8221; box_shadow_blur=&#8221;160px&#8221; box_shadow_color=&#8221;rgba(0,0,0,0.06)&#8221;][\/et_pb_blog][\/et_pb_column][\/et_pb_row][et_pb_row column_structure=&#8221;2_3,1_3&#8243; _builder_version=&#8221;4.9.0&#8243; _module_preset=&#8221;default&#8221;][et_pb_column type=&#8221;2_3&#8243; _builder_version=&#8221;4.9.0&#8243; _module_preset=&#8221;default&#8221;][et_pb_text _builder_version=&#8221;4.9.0&#8243; text_font=&#8221;||||||||&#8221; header_font=&#8221;Bebas Neue||||||||&#8221; header_2_font=&#8221;Bebas Neue|700|||||||&#8221; header_2_text_align=&#8221;left&#8221; header_2_text_color=&#8221;#002855&#8243; header_2_font_size=&#8221;50px&#8221; header_2_line_height=&#8221;1.2em&#8221; text_orientation=&#8221;center&#8221; max_width=&#8221;600px&#8221; module_alignment=&#8221;center&#8221; header_2_font_size_tablet=&#8221;36px&#8221; header_2_font_size_phone=&#8221;28px&#8221; header_2_font_size_last_edited=&#8221;on|phone&#8221; header_2_letter_spacing_tablet=&#8221;0px&#8221; header_2_letter_spacing_phone=&#8221;0px&#8221; header_2_letter_spacing_last_edited=&#8221;off|tablet&#8221; locked=&#8221;off&#8221;]<\/p>\n<h2>\u00bfTe gustar\u00eda formar parte de la Comunidad?<\/h2>\n<p>[\/et_pb_text][\/et_pb_column][et_pb_column type=&#8221;1_3&#8243; _builder_version=&#8221;4.9.0&#8243; _module_preset=&#8221;default&#8221;][et_pb_button button_url=&#8221;https:\/\/elgaragehub.com\/gobiernodemexicali\/innovandolaculturaambiental\/wp-login.php?action=register&#8221; button_text=&#8221;Reg\u00edstrate aqu\u00ed&#8221; button_alignment=&#8221;center&#8221; _builder_version=&#8221;4.9.0&#8243; custom_button=&#8221;on&#8221; button_text_color=&#8221;#ffffff&#8221; button_bg_use_color_gradient=&#8221;on&#8221; button_bg_color_gradient_start=&#8221;#57ac5a&#8221; button_bg_color_gradient_end=&#8221;#7db667&#8243; button_bg_color_gradient_direction=&#8221;-60deg&#8221; button_border_width=&#8221;0px&#8221; button_border_radius=&#8221;6px&#8221; button_font=&#8221;Bebas Neue||||||||&#8221; custom_margin=&#8221;||||true|false&#8221; custom_padding=&#8221;10px|40px|10px|40px|true|true&#8221; hover_enabled=&#8221;0&#8243; box_shadow_style=&#8221;preset1&#8243; box_shadow_vertical=&#8221;20px&#8221; box_shadow_blur=&#8221;40px&#8221; box_shadow_color=&#8221;rgba(125,182,103,0.4)&#8221; locked=&#8221;off&#8221; sticky_enabled=&#8221;0&#8243;][\/et_pb_button][\/et_pb_column][\/et_pb_row][\/et_pb_section][et_pb_section fb_built=&#8221;1&#8243; admin_label=&#8221;Blog&#8221; module_id=&#8221;directorio&#8221; _builder_version=&#8221;4.9.0&#8243; locked=&#8221;off&#8221;][et_pb_row _builder_version=&#8221;3.25&#8243;][et_pb_column type=&#8221;4_4&#8243; _builder_version=&#8221;3.25&#8243; custom_padding=&#8221;|||&#8221; custom_padding__hover=&#8221;|||&#8221;][et_pb_text _builder_version=&#8221;4.9.0&#8243; text_font=&#8221;||||||||&#8221; header_font=&#8221;Bebas Neue||||||||&#8221; header_2_font=&#8221;Bebas Neue|700|||||||&#8221; header_2_text_color=&#8221;#002855&#8243; header_2_font_size=&#8221;50px&#8221; header_2_line_height=&#8221;1.2em&#8221; text_orientation=&#8221;center&#8221; max_width=&#8221;600px&#8221; module_alignment=&#8221;center&#8221; header_2_font_size_tablet=&#8221;36px&#8221; header_2_font_size_phone=&#8221;28px&#8221; header_2_font_size_last_edited=&#8221;on|phone&#8221; header_2_letter_spacing_tablet=&#8221;0px&#8221; header_2_letter_spacing_phone=&#8221;0px&#8221; header_2_letter_spacing_last_edited=&#8221;off|tablet&#8221; locked=&#8221;off&#8221;]<\/p>\n<h2>Directorio ambiental<\/h2>\n<p>[\/et_pb_text][\/et_pb_column][\/et_pb_row][et_pb_row column_structure=&#8221;1_4,1_4,1_4,1_4&#8243; use_custom_gutter=&#8221;on&#8221; gutter_width=&#8221;1&#8243; make_equal=&#8221;on&#8221; _builder_version=&#8221;4.9.0&#8243; _module_preset=&#8221;default&#8221; background_color=&#8221;#fafafa&#8221; width=&#8221;84%&#8221; max_width=&#8221;1444px&#8221; module_alignment=&#8221;center&#8221; custom_css_main_element=&#8221;align-items: center;||margin: auto auto 0;&#8221; border_radii=&#8221;off|20px|20px||&#8221; border_width_all=&#8221;1px&#8221; border_color_all=&#8221;#fafafa&#8221;][et_pb_column type=&#8221;1_4&#8243; _builder_version=&#8221;4.9.0&#8243; _module_preset=&#8221;default&#8221;][et_pb_text _builder_version=&#8221;4.9.0&#8243; _module_preset=&#8221;default&#8221; text_font=&#8221;||||||||&#8221; header_font=&#8221;Bebas Neue||||||||&#8221; header_text_align=&#8221;right&#8221; header_2_font=&#8221;Bebas Neue|700|||||||&#8221; header_2_text_align=&#8221;center&#8221; header_2_text_color=&#8221;#002855&#8243; header_2_font_size=&#8221;30px&#8221; header_2_line_height=&#8221;1.2em&#8221; text_orientation=&#8221;center&#8221; max_width=&#8221;600px&#8221; module_alignment=&#8221;center&#8221; header_2_font_size_tablet=&#8221;36px&#8221; header_2_font_size_phone=&#8221;28px&#8221; header_2_font_size_last_edited=&#8221;on|phone&#8221; custom_css_main_element=&#8221;display: flex;||flex-direction: column;||justify-content: center;&#8221;]<\/p>\n<h2>Nombre<\/h2>\n<p>&nbsp;<\/p>\n<p>[\/et_pb_text][\/et_pb_column][et_pb_column type=&#8221;1_4&#8243; _builder_version=&#8221;4.9.0&#8243; _module_preset=&#8221;default&#8221;][et_pb_text _builder_version=&#8221;4.9.0&#8243; _module_preset=&#8221;default&#8221; text_font=&#8221;||||||||&#8221; header_font=&#8221;Bebas Neue||||||||&#8221; header_text_align=&#8221;right&#8221; header_2_font=&#8221;Bebas Neue|700|||||||&#8221; header_2_text_align=&#8221;center&#8221; header_2_text_color=&#8221;#002855&#8243; header_2_font_size=&#8221;30px&#8221; header_2_line_height=&#8221;1.2em&#8221; text_orientation=&#8221;center&#8221; max_width=&#8221;600px&#8221; module_alignment=&#8221;center&#8221; header_2_font_size_tablet=&#8221;36px&#8221; header_2_font_size_phone=&#8221;28px&#8221; header_2_font_size_last_edited=&#8221;on|phone&#8221; custom_css_main_element=&#8221;display: flex;||flex-direction: column;||justify-content: center;&#8221;]<\/p>\n<h2>P\u00e1gina de internet<\/h2>\n<p>&nbsp;<\/p>\n<p>[\/et_pb_text][\/et_pb_column][et_pb_column type=&#8221;1_4&#8243; _builder_version=&#8221;4.9.0&#8243; _module_preset=&#8221;default&#8221;][et_pb_text _builder_version=&#8221;4.9.0&#8243; _module_preset=&#8221;default&#8221; text_font=&#8221;||||||||&#8221; header_font=&#8221;Bebas Neue||||||||&#8221; header_text_align=&#8221;right&#8221; header_2_font=&#8221;Bebas Neue|700|||||||&#8221; header_2_text_align=&#8221;center&#8221; header_2_text_color=&#8221;#002855&#8243; header_2_font_size=&#8221;30px&#8221; header_2_line_height=&#8221;1.2em&#8221; text_orientation=&#8221;center&#8221; max_width=&#8221;600px&#8221; module_alignment=&#8221;center&#8221; header_2_font_size_tablet=&#8221;36px&#8221; header_2_font_size_phone=&#8221;28px&#8221; header_2_font_size_last_edited=&#8221;on|phone&#8221; custom_css_main_element=&#8221;display: flex;||flex-direction: column;||justify-content: center;&#8221;]<\/p>\n<h2>Tel\u00e9ofnos<\/h2>\n<p>&nbsp;<\/p>\n<p>[\/et_pb_text][\/et_pb_column][et_pb_column type=&#8221;1_4&#8243; _builder_version=&#8221;4.9.0&#8243; _module_preset=&#8221;default&#8221;][et_pb_text _builder_version=&#8221;4.9.0&#8243; _module_preset=&#8221;default&#8221; text_font=&#8221;||||||||&#8221; header_font=&#8221;Bebas Neue||||||||&#8221; header_text_align=&#8221;right&#8221; header_2_font=&#8221;Bebas Neue|700|||||||&#8221; header_2_text_align=&#8221;center&#8221; header_2_text_color=&#8221;#002855&#8243; header_2_font_size=&#8221;30px&#8221; header_2_line_height=&#8221;1.2em&#8221; text_orientation=&#8221;center&#8221; max_width=&#8221;600px&#8221; module_alignment=&#8221;center&#8221; header_2_font_size_tablet=&#8221;36px&#8221; header_2_font_size_phone=&#8221;28px&#8221; header_2_font_size_last_edited=&#8221;on|phone&#8221; custom_css_main_element=&#8221;display: flex;||flex-direction: column;||justify-content: center;&#8221;]<\/p>\n<h2>Direcci\u00f3n<\/h2>\n<p>&nbsp;<\/p>\n<p>[\/et_pb_text][\/et_pb_column][\/et_pb_row][et_pb_row column_structure=&#8221;1_4,1_4,1_4,1_4&#8243; use_custom_gutter=&#8221;on&#8221; gutter_width=&#8221;2&#8243; _builder_version=&#8221;4.9.0&#8243; _module_preset=&#8221;default&#8221; width=&#8221;84%&#8221; max_width=&#8221;1444px&#8221; border_width_right=&#8221;1px&#8221; border_color_right=&#8221;#e6e6e6&#8243; border_width_left=&#8221;1px&#8221; border_color_left=&#8221;#e6e6e6&#8243;][et_pb_column type=&#8221;1_4&#8243; _builder_version=&#8221;4.9.0&#8243; _module_preset=&#8221;default&#8221;][et_pb_text _builder_version=&#8221;4.9.0&#8243; _module_preset=&#8221;default&#8221; text_font=&#8221;||||||||&#8221; header_font=&#8221;Bebas Neue||||||||&#8221; header_2_font=&#8221;Bebas Neue|700|||||||&#8221; header_2_text_align=&#8221;left&#8221; header_2_text_color=&#8221;#002855&#8243; header_2_font_size=&#8221;30px&#8221; header_2_line_height=&#8221;1.2em&#8221; text_orientation=&#8221;center&#8221; max_width=&#8221;600px&#8221; module_alignment=&#8221;center&#8221; header_2_font_size_tablet=&#8221;36px&#8221; header_2_font_size_phone=&#8221;28px&#8221; header_2_font_size_last_edited=&#8221;on|phone&#8221;]<\/p>\n<h2>Club de Leones Mexicali, A.C.<\/h2>\n<p>&nbsp;<\/p>\n<p>[\/et_pb_text][\/et_pb_column][et_pb_column type=&#8221;1_4&#8243; _builder_version=&#8221;4.9.0&#8243; _module_preset=&#8221;default&#8221;][et_pb_social_media_follow _builder_version=&#8221;4.9.0&#8243;][et_pb_social_media_follow_network social_network=&#8221;dribbble&#8221; url=&#8221;https:\/\/e-clubhouse.org\/sites\/mexicali\/index.php&#8221; _builder_version=&#8221;4.9.0&#8243; background_color=&#8221;#ea4c8d&#8221; custom_margin=&#8221;|4px||4px||true&#8221; custom_padding=&#8221;8px|8px|8px|8px|true|true&#8221; follow_button=&#8221;off&#8221; url_new_window=&#8221;on&#8221;]dribbble[\/et_pb_social_media_follow_network][\/et_pb_social_media_follow][\/et_pb_column][et_pb_column type=&#8221;1_4&#8243; _builder_version=&#8221;4.9.0&#8243; _module_preset=&#8221;default&#8221;][\/et_pb_column][et_pb_column type=&#8221;1_4&#8243; _builder_version=&#8221;4.9.0&#8243; _module_preset=&#8221;default&#8221;][\/et_pb_column][\/et_pb_row][et_pb_row column_structure=&#8221;1_4,1_4,1_4,1_4&#8243; use_custom_gutter=&#8221;on&#8221; gutter_width=&#8221;2&#8243; _builder_version=&#8221;4.9.0&#8243; _module_preset=&#8221;default&#8221; width=&#8221;84%&#8221; max_width=&#8221;1444px&#8221; custom_padding=&#8221;||27px|||&#8221; border_width_right=&#8221;1px&#8221; border_color_right=&#8221;#e6e6e6&#8243; border_width_left=&#8221;1px&#8221; border_color_left=&#8221;#e6e6e6&#8243;][et_pb_column type=&#8221;1_4&#8243; _builder_version=&#8221;4.9.0&#8243; _module_preset=&#8221;default&#8221;][et_pb_text _builder_version=&#8221;4.9.0&#8243; _module_preset=&#8221;default&#8221; text_font=&#8221;||||||||&#8221; header_font=&#8221;Bebas Neue||||||||&#8221; header_2_font=&#8221;Bebas Neue|700|||||||&#8221; header_2_text_align=&#8221;left&#8221; header_2_text_color=&#8221;#002855&#8243; header_2_font_size=&#8221;30px&#8221; header_2_line_height=&#8221;1.2em&#8221; text_orientation=&#8221;center&#8221; max_width=&#8221;600px&#8221; module_alignment=&#8221;center&#8221; header_2_font_size_tablet=&#8221;36px&#8221; header_2_font_size_phone=&#8221;28px&#8221; header_2_font_size_last_edited=&#8221;on|phone&#8221;]<\/p>\n<h2>Club Rotario Mexicali<\/h2>\n<p>[\/et_pb_text][\/et_pb_column][et_pb_column type=&#8221;1_4&#8243; _builder_version=&#8221;4.9.0&#8243; _module_preset=&#8221;default&#8221;][et_pb_social_media_follow _builder_version=&#8221;4.9.0&#8243;][et_pb_social_media_follow_network social_network=&#8221;facebook&#8221; url=&#8221;http:\/\/www.facebook.com\/rotariosmexicalioeste\/&#8221; _builder_version=&#8221;4.9.0&#8243; background_color=&#8221;#3b5998&#8243; custom_margin=&#8221;|4px||4px||true&#8221; custom_padding=&#8221;8px|8px|8px|8px|true|true&#8221; follow_button=&#8221;off&#8221; url_new_window=&#8221;on&#8221;]facebook[\/et_pb_social_media_follow_network][et_pb_social_media_follow_network social_network=&#8221;facebook&#8221; url=&#8221;http:\/\/www.facebook.com\/clubrotariomexicalicentinela&#8221; _builder_version=&#8221;4.9.0&#8243; background_color=&#8221;#3b5998&#8243; custom_margin=&#8221;|4px||4px||true&#8221; custom_padding=&#8221;8px|8px|8px|8px|true|true&#8221; follow_button=&#8221;off&#8221; url_new_window=&#8221;on&#8221;]facebook[\/et_pb_social_media_follow_network][et_pb_social_media_follow_network social_network=&#8221;facebook&#8221; url=&#8221;http:\/\/www.facebook.com\/crmexicaliindustrial\/&#8221; _builder_version=&#8221;4.9.0&#8243; background_color=&#8221;#3b5998&#8243; custom_margin=&#8221;|4px||4px||true&#8221; custom_padding=&#8221;8px|8px|8px|8px|true|true&#8221; follow_button=&#8221;off&#8221; url_new_window=&#8221;on&#8221;]facebook[\/et_pb_social_media_follow_network][et_pb_social_media_follow_network social_network=&#8221;facebook&#8221; url=&#8221;http:\/\/www.facebook.com\/RotaryMexicaliEmpresarial&#8221; _builder_version=&#8221;4.9.0&#8243; background_color=&#8221;#3b5998&#8243; custom_margin=&#8221;|4px||4px||true&#8221; custom_padding=&#8221;8px|8px|8px|8px|true|true&#8221; follow_button=&#8221;off&#8221; url_new_window=&#8221;on&#8221;]facebook[\/et_pb_social_media_follow_network][\/et_pb_social_media_follow][\/et_pb_column][et_pb_column type=&#8221;1_4&#8243; _builder_version=&#8221;4.9.0&#8243; _module_preset=&#8221;default&#8221;][\/et_pb_column][et_pb_column type=&#8221;1_4&#8243; _builder_version=&#8221;4.9.0&#8243; _module_preset=&#8221;default&#8221;][\/et_pb_column][\/et_pb_row][et_pb_row column_structure=&#8221;1_4,1_4,1_4,1_4&#8243; use_custom_gutter=&#8221;on&#8221; gutter_width=&#8221;2&#8243; _builder_version=&#8221;4.9.0&#8243; _module_preset=&#8221;default&#8221; width=&#8221;84%&#8221; max_width=&#8221;1444px&#8221; border_width_right=&#8221;1px&#8221; border_color_right=&#8221;#e6e6e6&#8243; border_width_bottom=&#8221;1px&#8221; border_color_bottom=&#8221;#e6e6e6&#8243; border_width_left=&#8221;1px&#8221; border_color_left=&#8221;#e6e6e6&#8243;][et_pb_column type=&#8221;1_4&#8243; _builder_version=&#8221;4.9.0&#8243; _module_preset=&#8221;default&#8221;][et_pb_text _builder_version=&#8221;4.9.0&#8243; _module_preset=&#8221;default&#8221; text_font=&#8221;||||||||&#8221; header_font=&#8221;Bebas Neue||||||||&#8221; header_2_font=&#8221;Bebas Neue|700|||||||&#8221; header_2_text_align=&#8221;left&#8221; header_2_text_color=&#8221;#002855&#8243; header_2_font_size=&#8221;30px&#8221; header_2_line_height=&#8221;1.2em&#8221; text_orientation=&#8221;center&#8221; max_width=&#8221;600px&#8221; module_alignment=&#8221;center&#8221; header_2_font_size_tablet=&#8221;36px&#8221; header_2_font_size_phone=&#8221;28px&#8221; header_2_font_size_last_edited=&#8221;on|phone&#8221;]<\/p>\n<h2>Fundaci\u00f2n H\u00e9lice AC<\/h2>\n<p>[\/et_pb_text][\/et_pb_column][et_pb_column type=&#8221;1_4&#8243; _builder_version=&#8221;4.9.0&#8243; _module_preset=&#8221;default&#8221;][et_pb_social_media_follow _builder_version=&#8221;4.9.0&#8243;][et_pb_social_media_follow_network social_network=&#8221;dribbble&#8221; url=&#8221;http:\/\/www.fundacionheliceac.com&#8221; _builder_version=&#8221;4.9.0&#8243; background_color=&#8221;#ea4c8d&#8221; custom_margin=&#8221;|4px||4px||true&#8221; custom_padding=&#8221;8px|8px|8px|8px|true|true&#8221; follow_button=&#8221;off&#8221; url_new_window=&#8221;on&#8221;]dribbble[\/et_pb_social_media_follow_network][et_pb_social_media_follow_network social_network=&#8221;facebook&#8221; url=&#8221;http:\/\/www.facebook.com\/fundacionheliceac&#8221; _builder_version=&#8221;4.9.0&#8243; background_color=&#8221;#3b5998&#8243; custom_margin=&#8221;|4px||4px||true&#8221; custom_padding=&#8221;8px|8px|8px|8px|true|true&#8221; follow_button=&#8221;off&#8221; url_new_window=&#8221;on&#8221;]facebook[\/et_pb_social_media_follow_network][\/et_pb_social_media_follow][\/et_pb_column][et_pb_column type=&#8221;1_4&#8243; _builder_version=&#8221;4.9.0&#8243; _module_preset=&#8221;default&#8221;][et_pb_blurb title=&#8221;(686) 218-1120&#8243; url=&#8221;tel:6862181120&#8243; use_icon=&#8221;on&#8221; font_icon=&#8221;%%264%%&#8221; icon_color=&#8221;#ffffff&#8221; use_circle=&#8221;on&#8221; circle_color=&#8221;#cc6b59&#8243; icon_placement=&#8221;left&#8221; content_max_width=&#8221;300px&#8221; _builder_version=&#8221;4.9.0&#8243; header_level=&#8221;h5&#8243; header_font=&#8221;|700||on|||||&#8221; header_text_color=&#8221;#000000&#8243; header_font_size=&#8221;18px&#8221; header_letter_spacing=&#8221;1px&#8221; header_line_height=&#8221;2em&#8221; body_font_size=&#8221;12px&#8221; body_line_height=&#8221;1.6em&#8221; custom_padding=&#8221;|||&#8221; animation=&#8221;off&#8221; link_option_url=&#8221;tel:6862181120&#8243; border_radii=&#8221;on|10px|10px|10px|10px&#8221; locked=&#8221;off&#8221;][\/et_pb_blurb][\/et_pb_column][et_pb_column type=&#8221;1_4&#8243; _builder_version=&#8221;4.9.0&#8243; _module_preset=&#8221;default&#8221;][et_pb_blurb title=&#8221;Av. Cabildo #8, Local 7, Col. Maestros Federales 21390 Mexicali, Pen\u00ednsula de Baja California, M\u00e9xico&#8221; url=&#8221;https:\/\/www.google.com\/maps\/dir\/?api=1&#038;destination=32.614266894585%2C-115.43917466338&#038;fbclid=IwAR3dMWUrvEt3T1F8tHQBXNZVfZcp1uHLtC7DFE0URyPodB1qYruiPrHQZdw&#8221; use_icon=&#8221;on&#8221; font_icon=&#8221;%%249%%&#8221; icon_color=&#8221;#ffffff&#8221; use_circle=&#8221;on&#8221; circle_color=&#8221;#15c39a&#8221; icon_placement=&#8221;left&#8221; content_max_width=&#8221;300px&#8221; _builder_version=&#8221;4.9.0&#8243; header_level=&#8221;h5&#8243; header_font=&#8221;|700||on|||||&#8221; header_text_color=&#8221;#000000&#8243; header_line_height=&#8221;1.5em&#8221; body_font_size=&#8221;12px&#8221; body_line_height=&#8221;1.6em&#8221; custom_padding=&#8221;|||&#8221; animation=&#8221;off&#8221; link_option_url=&#8221;https:\/\/www.google.com\/maps\/dir\/?api=1&#038;destination=32.614266894585%2C-115.43917466338&#038;fbclid=IwAR3dMWUrvEt3T1F8tHQBXNZVfZcp1uHLtC7DFE0URyPodB1qYruiPrHQZdw&#8221; border_radii=&#8221;on|10px|10px|10px|10px&#8221; locked=&#8221;off&#8221;][\/et_pb_blurb][\/et_pb_column][\/et_pb_row][et_pb_row column_structure=&#8221;1_4,1_4,1_4,1_4&#8243; use_custom_gutter=&#8221;on&#8221; gutter_width=&#8221;2&#8243; _builder_version=&#8221;4.9.0&#8243; _module_preset=&#8221;default&#8221; width=&#8221;84%&#8221; max_width=&#8221;1444px&#8221; border_width_right=&#8221;1px&#8221; border_color_right=&#8221;#e6e6e6&#8243; border_width_bottom=&#8221;1px&#8221; border_color_bottom=&#8221;#e6e6e6&#8243; border_width_left=&#8221;1px&#8221; border_color_left=&#8221;#e6e6e6&#8243;][et_pb_column type=&#8221;1_4&#8243; _builder_version=&#8221;4.9.0&#8243; _module_preset=&#8221;default&#8221;][et_pb_text _builder_version=&#8221;4.9.0&#8243; _module_preset=&#8221;default&#8221; text_font=&#8221;||||||||&#8221; header_font=&#8221;Bebas Neue||||||||&#8221; header_2_font=&#8221;Bebas Neue|700|||||||&#8221; header_2_text_align=&#8221;left&#8221; header_2_text_color=&#8221;#002855&#8243; header_2_font_size=&#8221;30px&#8221; header_2_line_height=&#8221;1.2em&#8221; text_orientation=&#8221;center&#8221; max_width=&#8221;600px&#8221; module_alignment=&#8221;center&#8221; header_2_font_size_tablet=&#8221;36px&#8221; header_2_font_size_phone=&#8221;28px&#8221; header_2_font_size_last_edited=&#8221;on|phone&#8221;]<\/p>\n<h2>REDSPIRA<br \/> Fundaci\u00f3n para la Investigaci\u00f3n de la Calidad del Aire AC<\/h2>\n<p>[\/et_pb_text][\/et_pb_column][et_pb_column type=&#8221;1_4&#8243; _builder_version=&#8221;4.9.0&#8243; _module_preset=&#8221;default&#8221;][et_pb_social_media_follow _builder_version=&#8221;4.9.0&#8243;][et_pb_social_media_follow_network social_network=&#8221;dribbble&#8221; url=&#8221;http:\/\/www.redspira.org&#8221; _builder_version=&#8221;4.9.0&#8243; background_color=&#8221;#ea4c8d&#8221; custom_margin=&#8221;|4px||4px||true&#8221; custom_padding=&#8221;8px|8px|8px|8px|true|true&#8221; follow_button=&#8221;off&#8221; url_new_window=&#8221;on&#8221;]dribbble[\/et_pb_social_media_follow_network][et_pb_social_media_follow_network social_network=&#8221;facebook&#8221; url=&#8221;http:\/\/www.facebook.com\/Redspira\/&#8221; _builder_version=&#8221;4.9.0&#8243; background_color=&#8221;#3b5998&#8243; custom_margin=&#8221;|4px||4px||true&#8221; custom_padding=&#8221;8px|8px|8px|8px|true|true&#8221; follow_button=&#8221;off&#8221; url_new_window=&#8221;on&#8221;]facebook[\/et_pb_social_media_follow_network][\/et_pb_social_media_follow][\/et_pb_column][et_pb_column type=&#8221;1_4&#8243; _builder_version=&#8221;4.9.0&#8243; _module_preset=&#8221;default&#8221;][et_pb_blurb title=&#8221;(686) 157-9600&#8243; url=&#8221;tel:6861579600&#8243; use_icon=&#8221;on&#8221; font_icon=&#8221;%%264%%&#8221; icon_color=&#8221;#ffffff&#8221; use_circle=&#8221;on&#8221; circle_color=&#8221;#cc6b59&#8243; icon_placement=&#8221;left&#8221; content_max_width=&#8221;300px&#8221; _builder_version=&#8221;4.9.0&#8243; header_level=&#8221;h5&#8243; header_font=&#8221;|700||on|||||&#8221; header_text_color=&#8221;#000000&#8243; header_font_size=&#8221;18px&#8221; header_letter_spacing=&#8221;1px&#8221; header_line_height=&#8221;2em&#8221; body_font_size=&#8221;12px&#8221; body_line_height=&#8221;1.6em&#8221; custom_padding=&#8221;|||&#8221; animation=&#8221;off&#8221; link_option_url=&#8221;tel:6861579600&#8243; border_radii=&#8221;on|10px|10px|10px|10px&#8221; locked=&#8221;off&#8221;][\/et_pb_blurb][\/et_pb_column][et_pb_column type=&#8221;1_4&#8243; _builder_version=&#8221;4.9.0&#8243; _module_preset=&#8221;default&#8221;][\/et_pb_column][\/et_pb_row][et_pb_row column_structure=&#8221;1_4,1_4,1_4,1_4&#8243; use_custom_gutter=&#8221;on&#8221; gutter_width=&#8221;2&#8243; _builder_version=&#8221;4.9.0&#8243; _module_preset=&#8221;default&#8221; width=&#8221;84%&#8221; max_width=&#8221;1444px&#8221; border_width_right=&#8221;1px&#8221; border_color_right=&#8221;#e6e6e6&#8243; border_width_bottom=&#8221;1px&#8221; border_color_bottom=&#8221;#e6e6e6&#8243; border_width_left=&#8221;1px&#8221; border_color_left=&#8221;#e6e6e6&#8243;][et_pb_column type=&#8221;1_4&#8243; _builder_version=&#8221;4.9.0&#8243; _module_preset=&#8221;default&#8221;][et_pb_text _builder_version=&#8221;4.9.0&#8243; _module_preset=&#8221;default&#8221; text_font=&#8221;||||||||&#8221; header_font=&#8221;Bebas Neue||||||||&#8221; header_2_font=&#8221;Bebas Neue|700|||||||&#8221; header_2_text_align=&#8221;left&#8221; header_2_text_color=&#8221;#002855&#8243; header_2_font_size=&#8221;30px&#8221; header_2_line_height=&#8221;1.2em&#8221; text_orientation=&#8221;center&#8221; max_width=&#8221;600px&#8221; module_alignment=&#8221;center&#8221; header_2_font_size_tablet=&#8221;36px&#8221; header_2_font_size_phone=&#8221;28px&#8221; header_2_font_size_last_edited=&#8221;on|phone&#8221;]<\/p>\n<h2><b>GEN Industrial Mexicali<\/b><\/h2>\n<h2>Centro de reciclaje<\/h2>\n<p>[\/et_pb_text][\/et_pb_column][et_pb_column type=&#8221;1_4&#8243; _builder_version=&#8221;4.9.0&#8243; _module_preset=&#8221;default&#8221;][et_pb_social_media_follow _builder_version=&#8221;4.9.0&#8243;][et_pb_social_media_follow_network social_network=&#8221;dribbble&#8221; url=&#8221;http:\/\/www.pasa.mx&#8221; _builder_version=&#8221;4.9.0&#8243; background_color=&#8221;#ea4c8d&#8221; custom_margin=&#8221;|4px||4px||true&#8221; custom_padding=&#8221;8px|8px|8px|8px|true|true&#8221; follow_button=&#8221;off&#8221; url_new_window=&#8221;on&#8221;]dribbble[\/et_pb_social_media_follow_network][et_pb_social_media_follow_network social_network=&#8221;facebook&#8221; url=&#8221;http:\/\/www.facebook.com\/GEN-Industrial-Mexicali-505641476438424\/&#8221; _builder_version=&#8221;4.9.0&#8243; background_color=&#8221;#3b5998&#8243; custom_margin=&#8221;|4px||4px||true&#8221; custom_padding=&#8221;8px|8px|8px|8px|true|true&#8221; follow_button=&#8221;off&#8221; url_new_window=&#8221;on&#8221;]facebook[\/et_pb_social_media_follow_network][\/et_pb_social_media_follow][\/et_pb_column][et_pb_column type=&#8221;1_4&#8243; _builder_version=&#8221;4.9.0&#8243; _module_preset=&#8221;default&#8221;][\/et_pb_column][et_pb_column type=&#8221;1_4&#8243; _builder_version=&#8221;4.9.0&#8243; _module_preset=&#8221;default&#8221;][\/et_pb_column][\/et_pb_row][et_pb_row column_structure=&#8221;1_4,1_4,1_4,1_4&#8243; use_custom_gutter=&#8221;on&#8221; gutter_width=&#8221;2&#8243; _builder_version=&#8221;4.9.0&#8243; _module_preset=&#8221;default&#8221; width=&#8221;84%&#8221; max_width=&#8221;1444px&#8221; border_width_right=&#8221;1px&#8221; border_color_right=&#8221;#e6e6e6&#8243; border_width_bottom=&#8221;1px&#8221; border_color_bottom=&#8221;#e6e6e6&#8243; border_width_left=&#8221;1px&#8221; border_color_left=&#8221;#e6e6e6&#8243;][et_pb_column type=&#8221;1_4&#8243; _builder_version=&#8221;4.9.0&#8243; _module_preset=&#8221;default&#8221;][et_pb_text _builder_version=&#8221;4.9.0&#8243; _module_preset=&#8221;default&#8221; text_font=&#8221;||||||||&#8221; header_font=&#8221;Bebas Neue||||||||&#8221; header_2_font=&#8221;Bebas Neue|700|||||||&#8221; header_2_text_align=&#8221;left&#8221; header_2_text_color=&#8221;#002855&#8243; header_2_font_size=&#8221;30px&#8221; header_2_line_height=&#8221;1.2em&#8221; text_orientation=&#8221;center&#8221; max_width=&#8221;600px&#8221; module_alignment=&#8221;center&#8221; header_2_font_size_tablet=&#8221;36px&#8221; header_2_font_size_phone=&#8221;28px&#8221; header_2_font_size_last_edited=&#8221;on|phone&#8221;]<\/p>\n<h2>LaBICI<\/h2>\n<p>[\/et_pb_text][\/et_pb_column][et_pb_column type=&#8221;1_4&#8243; _builder_version=&#8221;4.9.0&#8243; _module_preset=&#8221;default&#8221;][et_pb_social_media_follow _builder_version=&#8221;4.9.0&#8243;][et_pb_social_media_follow_network social_network=&#8221;dribbble&#8221; url=&#8221;http:\/\/www.labici.org&#8221; _builder_version=&#8221;4.9.0&#8243; background_color=&#8221;#ea4c8d&#8221; custom_margin=&#8221;|4px||4px||true&#8221; custom_padding=&#8221;8px|8px|8px|8px|true|true&#8221; follow_button=&#8221;off&#8221; url_new_window=&#8221;on&#8221;]dribbble[\/et_pb_social_media_follow_network][et_pb_social_media_follow_network social_network=&#8221;facebook&#8221; url=&#8221;http:\/\/www.facebook.com\/labici.ac&#8221; _builder_version=&#8221;4.9.0&#8243; background_color=&#8221;#3b5998&#8243; custom_margin=&#8221;|4px||4px||true&#8221; custom_padding=&#8221;8px|8px|8px|8px|true|true&#8221; follow_button=&#8221;off&#8221; url_new_window=&#8221;on&#8221;]facebook[\/et_pb_social_media_follow_network][\/et_pb_social_media_follow][\/et_pb_column][et_pb_column type=&#8221;1_4&#8243; _builder_version=&#8221;4.9.0&#8243; _module_preset=&#8221;default&#8221;][et_pb_blurb title=&#8221;(686) 551-0086&#8243; url=&#8221;tel:6865510086&#8243; use_icon=&#8221;on&#8221; font_icon=&#8221;%%264%%&#8221; icon_color=&#8221;#ffffff&#8221; use_circle=&#8221;on&#8221; circle_color=&#8221;#cc6b59&#8243; icon_placement=&#8221;left&#8221; content_max_width=&#8221;300px&#8221; _builder_version=&#8221;4.9.0&#8243; header_level=&#8221;h5&#8243; header_font=&#8221;|700||on|||||&#8221; header_text_color=&#8221;#000000&#8243; header_font_size=&#8221;18px&#8221; header_letter_spacing=&#8221;1px&#8221; header_line_height=&#8221;2em&#8221; body_font_size=&#8221;12px&#8221; body_line_height=&#8221;1.6em&#8221; custom_padding=&#8221;|||&#8221; animation=&#8221;off&#8221; link_option_url=&#8221;tel:6865510086&#8243; border_radii=&#8221;on|10px|10px|10px|10px&#8221; locked=&#8221;off&#8221;][\/et_pb_blurb][et_pb_blurb title=&#8221;(686) 578-1775&#8243; url=&#8221;tel:6865781775&#8243; use_icon=&#8221;on&#8221; font_icon=&#8221;%%264%%&#8221; icon_color=&#8221;#ffffff&#8221; use_circle=&#8221;on&#8221; circle_color=&#8221;#cc6b59&#8243; icon_placement=&#8221;left&#8221; content_max_width=&#8221;300px&#8221; _builder_version=&#8221;4.9.0&#8243; header_level=&#8221;h5&#8243; header_font=&#8221;|700||on|||||&#8221; header_text_color=&#8221;#000000&#8243; header_font_size=&#8221;18px&#8221; header_letter_spacing=&#8221;1px&#8221; header_line_height=&#8221;2em&#8221; body_font_size=&#8221;12px&#8221; body_line_height=&#8221;1.6em&#8221; custom_padding=&#8221;|||&#8221; animation=&#8221;off&#8221; link_option_url=&#8221;tel:6865781775&#8243; border_radii=&#8221;on|10px|10px|10px|10px&#8221; locked=&#8221;off&#8221;][\/et_pb_blurb][\/et_pb_column][et_pb_column type=&#8221;1_4&#8243; _builder_version=&#8221;4.9.0&#8243; _module_preset=&#8221;default&#8221;][et_pb_blurb title=&#8221;Av. Cabildo #8, Local Avenida Alvaro Obreg\u00f3n 623-3, Colonia Primera Secci\u00f3n 21100 Mexicali, B.C.7, Col. Maestros Federales 21390 Mexicali, Pen\u00ednsula de Baja California, M\u00e9xico&#8221; url=&#8221;https:\/\/www.google.com\/maps\/dir\/?api=1&#038;destination=32.662283581068%2C-115.48635005951&#038;fbclid=IwAR2ZpFCDAYIAZk50_STi1upDzF7SjGXtDD_oudaYA2UNcmfdzZ7w-xi1rkQ&#8221; use_icon=&#8221;on&#8221; font_icon=&#8221;%%249%%&#8221; icon_color=&#8221;#ffffff&#8221; use_circle=&#8221;on&#8221; circle_color=&#8221;#15c39a&#8221; icon_placement=&#8221;left&#8221; content_max_width=&#8221;300px&#8221; _builder_version=&#8221;4.9.0&#8243; header_level=&#8221;h5&#8243; header_font=&#8221;|700||on|||||&#8221; header_text_color=&#8221;#000000&#8243; header_line_height=&#8221;1.5em&#8221; body_font_size=&#8221;12px&#8221; body_line_height=&#8221;1.6em&#8221; custom_padding=&#8221;|||&#8221; animation=&#8221;off&#8221; link_option_url=&#8221;https:\/\/www.google.com\/maps\/dir\/?api=1&#038;destination=32.662283581068%2C-115.48635005951&#038;fbclid=IwAR2ZpFCDAYIAZk50_STi1upDzF7SjGXtDD_oudaYA2UNcmfdzZ7w-xi1rkQ&#8221; border_radii=&#8221;on|10px|10px|10px|10px&#8221; locked=&#8221;off&#8221;][\/et_pb_blurb][\/et_pb_column][\/et_pb_row][et_pb_row column_structure=&#8221;1_4,1_4,1_4,1_4&#8243; use_custom_gutter=&#8221;on&#8221; gutter_width=&#8221;2&#8243; _builder_version=&#8221;4.9.0&#8243; _module_preset=&#8221;default&#8221; width=&#8221;84%&#8221; max_width=&#8221;1444px&#8221; border_width_right=&#8221;1px&#8221; border_color_right=&#8221;#e6e6e6&#8243; border_width_bottom=&#8221;1px&#8221; border_color_bottom=&#8221;#e6e6e6&#8243; border_width_left=&#8221;1px&#8221; border_color_left=&#8221;#e6e6e6&#8243;][et_pb_column type=&#8221;1_4&#8243; _builder_version=&#8221;4.9.0&#8243; _module_preset=&#8221;default&#8221;][et_pb_text _builder_version=&#8221;4.9.0&#8243; _module_preset=&#8221;default&#8221; text_font=&#8221;||||||||&#8221; header_font=&#8221;Bebas Neue||||||||&#8221; header_2_font=&#8221;Bebas Neue|700|||||||&#8221; header_2_text_align=&#8221;left&#8221; header_2_text_color=&#8221;#002855&#8243; header_2_font_size=&#8221;30px&#8221; header_2_line_height=&#8221;1.2em&#8221; text_orientation=&#8221;center&#8221; max_width=&#8221;600px&#8221; module_alignment=&#8221;center&#8221; header_2_font_size_tablet=&#8221;36px&#8221; header_2_font_size_phone=&#8221;28px&#8221; header_2_font_size_last_edited=&#8221;on|phone&#8221;]<\/p>\n<h2>Mexicali Ambiental<\/h2>\n<p>[\/et_pb_text][\/et_pb_column][et_pb_column type=&#8221;1_4&#8243; _builder_version=&#8221;4.9.0&#8243; _module_preset=&#8221;default&#8221;][et_pb_social_media_follow _builder_version=&#8221;4.9.0&#8243;][et_pb_social_media_follow_network social_network=&#8221;dribbble&#8221; url=&#8221;http:\/\/www.mexicali-ambiental.com&#8221; _builder_version=&#8221;4.9.0&#8243; background_color=&#8221;#ea4c8d&#8221; custom_margin=&#8221;|4px||4px||true&#8221; custom_padding=&#8221;8px|8px|8px|8px|true|true&#8221; follow_button=&#8221;off&#8221; url_new_window=&#8221;on&#8221;]dribbble[\/et_pb_social_media_follow_network][et_pb_social_media_follow_network social_network=&#8221;facebook&#8221; url=&#8221;http:\/\/www.facebook.com\/mexicaliambiental&#8221; _builder_version=&#8221;4.9.0&#8243; background_color=&#8221;#3b5998&#8243; custom_margin=&#8221;|4px||4px||true&#8221; custom_padding=&#8221;8px|8px|8px|8px|true|true&#8221; follow_button=&#8221;off&#8221; url_new_window=&#8221;on&#8221;]facebook[\/et_pb_social_media_follow_network][\/et_pb_social_media_follow][\/et_pb_column][et_pb_column type=&#8221;1_4&#8243; _builder_version=&#8221;4.9.0&#8243; _module_preset=&#8221;default&#8221;][et_pb_blurb title=&#8221;(686) 561 6404&#8243; url=&#8221;tel:6865616404&#8243; use_icon=&#8221;on&#8221; font_icon=&#8221;%%264%%&#8221; icon_color=&#8221;#ffffff&#8221; use_circle=&#8221;on&#8221; circle_color=&#8221;#cc6b59&#8243; icon_placement=&#8221;left&#8221; content_max_width=&#8221;300px&#8221; _builder_version=&#8221;4.9.0&#8243; header_level=&#8221;h5&#8243; header_font=&#8221;|700||on|||||&#8221; header_text_color=&#8221;#000000&#8243; header_font_size=&#8221;18px&#8221; header_letter_spacing=&#8221;1px&#8221; header_line_height=&#8221;2em&#8221; body_font_size=&#8221;12px&#8221; body_line_height=&#8221;1.6em&#8221; custom_padding=&#8221;|||&#8221; animation=&#8221;off&#8221; link_option_url=&#8221;tel:6865616404&#8243; border_radii=&#8221;on|10px|10px|10px|10px&#8221; locked=&#8221;off&#8221;][\/et_pb_blurb][\/et_pb_column][et_pb_column type=&#8221;1_4&#8243; _builder_version=&#8221;4.9.0&#8243; _module_preset=&#8221;default&#8221;][\/et_pb_column][\/et_pb_row][et_pb_row column_structure=&#8221;1_4,1_4,1_4,1_4&#8243; use_custom_gutter=&#8221;on&#8221; gutter_width=&#8221;2&#8243; _builder_version=&#8221;4.9.0&#8243; _module_preset=&#8221;default&#8221; width=&#8221;84%&#8221; max_width=&#8221;1444px&#8221; border_width_right=&#8221;1px&#8221; border_color_right=&#8221;#e6e6e6&#8243; border_width_bottom=&#8221;1px&#8221; border_color_bottom=&#8221;#e6e6e6&#8243; border_width_left=&#8221;1px&#8221; border_color_left=&#8221;#e6e6e6&#8243;][et_pb_column type=&#8221;1_4&#8243; _builder_version=&#8221;4.9.0&#8243; _module_preset=&#8221;default&#8221;][et_pb_text _builder_version=&#8221;4.9.0&#8243; _module_preset=&#8221;default&#8221; text_font=&#8221;||||||||&#8221; header_font=&#8221;Bebas Neue||||||||&#8221; header_2_font=&#8221;Bebas Neue|700|||||||&#8221; header_2_text_align=&#8221;left&#8221; header_2_text_color=&#8221;#002855&#8243; header_2_font_size=&#8221;30px&#8221; header_2_line_height=&#8221;1.2em&#8221; text_orientation=&#8221;center&#8221; max_width=&#8221;600px&#8221; module_alignment=&#8221;center&#8221; header_2_font_size_tablet=&#8221;36px&#8221; header_2_font_size_phone=&#8221;28px&#8221; header_2_font_size_last_edited=&#8221;on|phone&#8221;]<\/p>\n<h2>Calidad de Aire en Mexicali-<br \/>Protecci\u00f3n al Ambiente y Ayuntamiento de Mexicali<\/h2>\n<p>[\/et_pb_text][\/et_pb_column][et_pb_column type=&#8221;1_4&#8243; _builder_version=&#8221;4.9.0&#8243; _module_preset=&#8221;default&#8221;][et_pb_social_media_follow _builder_version=&#8221;4.9.0&#8243;][et_pb_social_media_follow_network social_network=&#8221;dribbble&#8221; url=&#8221;http:\/\/www.mexicali.gob.mx\/XXIII\/calidaddelaire.php&#8221; _builder_version=&#8221;4.9.0&#8243; background_color=&#8221;#ea4c8d&#8221; custom_margin=&#8221;|4px||4px||true&#8221; custom_padding=&#8221;8px|8px|8px|8px|true|true&#8221; follow_button=&#8221;off&#8221; url_new_window=&#8221;on&#8221;]dribbble[\/et_pb_social_media_follow_network][\/et_pb_social_media_follow][\/et_pb_column][et_pb_column type=&#8221;1_4&#8243; _builder_version=&#8221;4.9.0&#8243; _module_preset=&#8221;default&#8221;][et_pb_blurb title=&#8221;(686)  556 0636&#8243; url=&#8221;tel:6865560636&#8243; use_icon=&#8221;on&#8221; font_icon=&#8221;%%264%%&#8221; icon_color=&#8221;#ffffff&#8221; use_circle=&#8221;on&#8221; circle_color=&#8221;#cc6b59&#8243; icon_placement=&#8221;left&#8221; content_max_width=&#8221;300px&#8221; _builder_version=&#8221;4.9.0&#8243; header_level=&#8221;h5&#8243; header_font=&#8221;|700||on|||||&#8221; header_text_color=&#8221;#000000&#8243; header_font_size=&#8221;18px&#8221; header_letter_spacing=&#8221;1px&#8221; header_line_height=&#8221;2em&#8221; body_font_size=&#8221;12px&#8221; body_line_height=&#8221;1.6em&#8221; custom_padding=&#8221;|||&#8221; animation=&#8221;off&#8221; link_option_url=&#8221;tel:6865560636&#8243; border_radii=&#8221;on|10px|10px|10px|10px&#8221; locked=&#8221;off&#8221;][\/et_pb_blurb][\/et_pb_column][et_pb_column type=&#8221;1_4&#8243; _builder_version=&#8221;4.9.0&#8243; _module_preset=&#8221;default&#8221;][et_pb_blurb title=&#8221;Avenida Reforma #508 y Jose Maria Morelos 21100 Mexicali, Pen\u00ednsula de Baja California, M\u00e9xico&#8221; url=&#8221;https:\/\/www.google.com.mx\/maps\/search\/Avenida+Reforma+%23508+y+Jose+Maria+Morelos+21100+Mexicali,+Pen%C3%ADnsula+de+Baja+California,+M%C3%A9xico\/@32.6624382,-115.4848287,16z\/data=!3m1!4b1&#8243; use_icon=&#8221;on&#8221; font_icon=&#8221;%%249%%&#8221; icon_color=&#8221;#ffffff&#8221; use_circle=&#8221;on&#8221; circle_color=&#8221;#15c39a&#8221; icon_placement=&#8221;left&#8221; content_max_width=&#8221;300px&#8221; _builder_version=&#8221;4.9.0&#8243; header_level=&#8221;h5&#8243; header_font=&#8221;|700||on|||||&#8221; header_text_color=&#8221;#000000&#8243; header_line_height=&#8221;1.5em&#8221; body_font_size=&#8221;12px&#8221; body_line_height=&#8221;1.6em&#8221; custom_padding=&#8221;|||&#8221; animation=&#8221;off&#8221; link_option_url=&#8221;https:\/\/www.google.com.mx\/maps\/search\/Avenida+Reforma+%23508+y+Jose+Maria+Morelos+21100+Mexicali,+Pen%C3%ADnsula+de+Baja+California,+M%C3%A9xico\/@32.6624382,-115.4848287,16z\/data=!3m1!4b1&#8243; border_radii=&#8221;on|10px|10px|10px|10px&#8221; locked=&#8221;off&#8221;][\/et_pb_blurb][\/et_pb_column][\/et_pb_row][et_pb_row column_structure=&#8221;1_4,1_4,1_4,1_4&#8243; use_custom_gutter=&#8221;on&#8221; gutter_width=&#8221;2&#8243; _builder_version=&#8221;4.9.0&#8243; _module_preset=&#8221;default&#8221; width=&#8221;84%&#8221; max_width=&#8221;1444px&#8221; border_width_right=&#8221;1px&#8221; border_color_right=&#8221;#e6e6e6&#8243; border_width_bottom=&#8221;1px&#8221; border_color_bottom=&#8221;#e6e6e6&#8243; border_width_left=&#8221;1px&#8221; border_color_left=&#8221;#e6e6e6&#8243;][et_pb_column type=&#8221;1_4&#8243; _builder_version=&#8221;4.9.0&#8243; _module_preset=&#8221;default&#8221;][et_pb_text _builder_version=&#8221;4.9.0&#8243; _module_preset=&#8221;default&#8221; text_font=&#8221;||||||||&#8221; header_font=&#8221;Bebas Neue||||||||&#8221; header_2_font=&#8221;Bebas Neue|700|||||||&#8221; header_2_text_align=&#8221;left&#8221; header_2_text_color=&#8221;#002855&#8243; header_2_font_size=&#8221;30px&#8221; header_2_line_height=&#8221;1.2em&#8221; text_orientation=&#8221;center&#8221; max_width=&#8221;600px&#8221; module_alignment=&#8221;center&#8221; header_2_font_size_tablet=&#8221;36px&#8221; header_2_font_size_phone=&#8221;28px&#8221; header_2_font_size_last_edited=&#8221;on|phone&#8221;]<\/p>\n<h2>Pronatura Noroeste<\/h2>\n<p>[\/et_pb_text][\/et_pb_column][et_pb_column type=&#8221;1_4&#8243; _builder_version=&#8221;4.9.0&#8243; _module_preset=&#8221;default&#8221;][et_pb_social_media_follow _builder_version=&#8221;4.9.0&#8243;][et_pb_social_media_follow_network social_network=&#8221;dribbble&#8221; url=&#8221;http:\/\/ww.pronatura-noroeste.org\/&#8221; _builder_version=&#8221;4.9.0&#8243; background_color=&#8221;#ea4c8d&#8221; custom_margin=&#8221;|4px||4px||true&#8221; custom_padding=&#8221;8px|8px|8px|8px|true|true&#8221; follow_button=&#8221;off&#8221; url_new_window=&#8221;on&#8221;]dribbble[\/et_pb_social_media_follow_network][et_pb_social_media_follow_network social_network=&#8221;facebook&#8221; url=&#8221;http:\/\/www.facebook.com\/pronatura.noroeste\/&#8221; _builder_version=&#8221;4.9.0&#8243; background_color=&#8221;#3b5998&#8243; custom_margin=&#8221;|4px||4px||true&#8221; custom_padding=&#8221;8px|8px|8px|8px|true|true&#8221; follow_button=&#8221;off&#8221; url_new_window=&#8221;on&#8221;]facebook[\/et_pb_social_media_follow_network][\/et_pb_social_media_follow][\/et_pb_column][et_pb_column type=&#8221;1_4&#8243; _builder_version=&#8221;4.9.0&#8243; _module_preset=&#8221;default&#8221;][et_pb_blurb title=&#8221;(646) 175 3461 &#8221; url=&#8221;tel:6461753461%20&#8243; use_icon=&#8221;on&#8221; font_icon=&#8221;%%264%%&#8221; icon_color=&#8221;#ffffff&#8221; use_circle=&#8221;on&#8221; circle_color=&#8221;#cc6b59&#8243; icon_placement=&#8221;left&#8221; content_max_width=&#8221;300px&#8221; _builder_version=&#8221;4.9.0&#8243; header_level=&#8221;h5&#8243; header_font=&#8221;|700||on|||||&#8221; header_text_color=&#8221;#000000&#8243; header_font_size=&#8221;18px&#8221; header_letter_spacing=&#8221;1px&#8221; header_line_height=&#8221;2em&#8221; body_font_size=&#8221;12px&#8221; body_line_height=&#8221;1.6em&#8221; custom_padding=&#8221;|||&#8221; animation=&#8221;off&#8221; link_option_url=&#8221;tel:6461753461 &#8221; border_radii=&#8221;on|10px|10px|10px|10px&#8221; locked=&#8221;off&#8221;][\/et_pb_blurb][\/et_pb_column][et_pb_column type=&#8221;1_4&#8243; _builder_version=&#8221;4.9.0&#8243; _module_preset=&#8221;default&#8221;][et_pb_blurb title=&#8221;Calle D\u00e9cima No. 60 esq. Ryerson, Zona Centro. Ensenada, Baja California.&#8221; url=&#8221;https:\/\/www.google.com.mx\/maps\/place\/C.+Diez+60,+Zona+Centro,+22800+Ensenada,+B.C.\/@31.8739983,-116.6293567,17z\/data=!3m1!4b1!4m5!3m4!1s0x80d8928bc72c4821:0xf6eb1f8dd0148244!8m2!3d31.8739983!4d-116.627168&#8243; use_icon=&#8221;on&#8221; font_icon=&#8221;%%249%%&#8221; icon_color=&#8221;#ffffff&#8221; use_circle=&#8221;on&#8221; circle_color=&#8221;#15c39a&#8221; icon_placement=&#8221;left&#8221; content_max_width=&#8221;300px&#8221; _builder_version=&#8221;4.9.0&#8243; header_level=&#8221;h5&#8243; header_font=&#8221;|700||on|||||&#8221; header_text_color=&#8221;#000000&#8243; header_line_height=&#8221;1.5em&#8221; body_font_size=&#8221;12px&#8221; body_line_height=&#8221;1.6em&#8221; custom_padding=&#8221;|||&#8221; animation=&#8221;off&#8221; link_option_url=&#8221;https:\/\/www.google.com.mx\/maps\/place\/C.+Diez+60,+Zona+Centro,+22800+Ensenada,+B.C.\/@31.8739983,-116.6293567,17z\/data=!3m1!4b1!4m5!3m4!1s0x80d8928bc72c4821:0xf6eb1f8dd0148244!8m2!3d31.8739983!4d-116.627168&#8243; border_radii=&#8221;on|10px|10px|10px|10px&#8221; locked=&#8221;off&#8221;][\/et_pb_blurb][\/et_pb_column][\/et_pb_row][et_pb_row column_structure=&#8221;1_4,1_4,1_4,1_4&#8243; use_custom_gutter=&#8221;on&#8221; gutter_width=&#8221;2&#8243; _builder_version=&#8221;4.9.0&#8243; _module_preset=&#8221;default&#8221; width=&#8221;84%&#8221; max_width=&#8221;1444px&#8221; border_width_right=&#8221;1px&#8221; border_color_right=&#8221;#e6e6e6&#8243; border_width_bottom=&#8221;1px&#8221; border_color_bottom=&#8221;#e6e6e6&#8243; border_width_left=&#8221;1px&#8221; border_color_left=&#8221;#e6e6e6&#8243;][et_pb_column type=&#8221;1_4&#8243; _builder_version=&#8221;4.9.0&#8243; _module_preset=&#8221;default&#8221;][et_pb_text _builder_version=&#8221;4.9.0&#8243; _module_preset=&#8221;default&#8221; text_font=&#8221;||||||||&#8221; header_font=&#8221;Bebas Neue||||||||&#8221; header_2_font=&#8221;Bebas Neue|700|||||||&#8221; header_2_text_align=&#8221;left&#8221; header_2_text_color=&#8221;#002855&#8243; header_2_font_size=&#8221;30px&#8221; header_2_line_height=&#8221;1.2em&#8221; text_orientation=&#8221;center&#8221; max_width=&#8221;600px&#8221; module_alignment=&#8221;center&#8221; header_2_font_size_tablet=&#8221;36px&#8221; header_2_font_size_phone=&#8221;28px&#8221; header_2_font_size_last_edited=&#8221;on|phone&#8221;]<\/p>\n<h2>Recicladora Flores Magon<\/h2>\n<p>[\/et_pb_text][\/et_pb_column][et_pb_column type=&#8221;1_4&#8243; _builder_version=&#8221;4.9.0&#8243; _module_preset=&#8221;default&#8221;][et_pb_social_media_follow _builder_version=&#8221;4.9.0&#8243;][et_pb_social_media_follow_network social_network=&#8221;facebook&#8221; url=&#8221;http:\/\/www.facebook.com\/pages\/Recicladora%20Flores%20magon\/404029260105465\/&#8221; _builder_version=&#8221;4.9.0&#8243; background_color=&#8221;#3b5998&#8243; custom_margin=&#8221;|4px||4px||true&#8221; custom_padding=&#8221;8px|8px|8px|8px|true|true&#8221; follow_button=&#8221;off&#8221; url_new_window=&#8221;on&#8221;]facebook[\/et_pb_social_media_follow_network][\/et_pb_social_media_follow][\/et_pb_column][et_pb_column type=&#8221;1_4&#8243; _builder_version=&#8221;4.9.0&#8243; _module_preset=&#8221;default&#8221;][et_pb_blurb title=&#8221;(686) 688 0972&#8243; url=&#8221;tel:6866880972&#8243; use_icon=&#8221;on&#8221; font_icon=&#8221;%%264%%&#8221; icon_color=&#8221;#ffffff&#8221; use_circle=&#8221;on&#8221; circle_color=&#8221;#cc6b59&#8243; icon_placement=&#8221;left&#8221; content_max_width=&#8221;300px&#8221; _builder_version=&#8221;4.9.0&#8243; header_level=&#8221;h5&#8243; header_font=&#8221;|700||on|||||&#8221; header_text_color=&#8221;#000000&#8243; header_font_size=&#8221;18px&#8221; header_letter_spacing=&#8221;1px&#8221; header_line_height=&#8221;2em&#8221; body_font_size=&#8221;12px&#8221; body_line_height=&#8221;1.6em&#8221; custom_padding=&#8221;|||&#8221; animation=&#8221;off&#8221; link_option_url=&#8221;tel:6866880972&#8243; border_radii=&#8221;on|10px|10px|10px|10px&#8221; locked=&#8221;off&#8221;][\/et_pb_blurb][\/et_pb_column][et_pb_column type=&#8221;1_4&#8243; _builder_version=&#8221;4.9.0&#8243; _module_preset=&#8221;default&#8221;][et_pb_blurb title=&#8221;21324 Mexicali, B.C.&#8221; url=&#8221;https:\/\/www.google.com\/maps\/place\/Recicladora+Flores+Mag%C3%B3n\/@32.5991172,-115.5208587,15z\/data=!4m5!3m4!1s0x0:0x9bcf3d5635e3c69c!8m2!3d32.5991482!4d-115.5208566&#8243; use_icon=&#8221;on&#8221; font_icon=&#8221;%%249%%&#8221; icon_color=&#8221;#ffffff&#8221; use_circle=&#8221;on&#8221; circle_color=&#8221;#15c39a&#8221; icon_placement=&#8221;left&#8221; content_max_width=&#8221;300px&#8221; _builder_version=&#8221;4.9.0&#8243; header_level=&#8221;h5&#8243; header_font=&#8221;|700||on|||||&#8221; header_text_color=&#8221;#000000&#8243; header_line_height=&#8221;1.5em&#8221; body_font_size=&#8221;12px&#8221; body_line_height=&#8221;1.6em&#8221; custom_padding=&#8221;|||&#8221; animation=&#8221;off&#8221; link_option_url=&#8221;https:\/\/www.google.com\/maps\/place\/Recicladora+Flores+Mag%C3%B3n\/@32.5991172,-115.5208587,15z\/data=!4m5!3m4!1s0x0:0x9bcf3d5635e3c69c!8m2!3d32.5991482!4d-115.5208566&#8243; border_radii=&#8221;on|10px|10px|10px|10px&#8221; locked=&#8221;off&#8221;][\/et_pb_blurb][\/et_pb_column][\/et_pb_row][et_pb_row column_structure=&#8221;1_4,1_4,1_4,1_4&#8243; use_custom_gutter=&#8221;on&#8221; gutter_width=&#8221;2&#8243; _builder_version=&#8221;4.9.0&#8243; _module_preset=&#8221;default&#8221; width=&#8221;84%&#8221; max_width=&#8221;1444px&#8221; border_width_right=&#8221;1px&#8221; border_color_right=&#8221;#e6e6e6&#8243; border_width_bottom=&#8221;1px&#8221; border_color_bottom=&#8221;#e6e6e6&#8243; border_width_left=&#8221;1px&#8221; border_color_left=&#8221;#e6e6e6&#8243;][et_pb_column type=&#8221;1_4&#8243; _builder_version=&#8221;4.9.0&#8243; _module_preset=&#8221;default&#8221;][et_pb_text _builder_version=&#8221;4.9.0&#8243; _module_preset=&#8221;default&#8221; text_font=&#8221;||||||||&#8221; header_font=&#8221;Bebas Neue||||||||&#8221; header_2_font=&#8221;Bebas Neue|700|||||||&#8221; header_2_text_align=&#8221;left&#8221; header_2_text_color=&#8221;#002855&#8243; header_2_font_size=&#8221;30px&#8221; header_2_line_height=&#8221;1.2em&#8221; text_orientation=&#8221;center&#8221; max_width=&#8221;600px&#8221; module_alignment=&#8221;center&#8221; header_2_font_size_tablet=&#8221;36px&#8221; header_2_font_size_phone=&#8221;28px&#8221; header_2_font_size_last_edited=&#8221;on|phone&#8221;]<\/p>\n<h2><span style=\"font-weight: 400;\">Reciclaje con Sentido (tetrapack)<\/span><\/h2>\n<p>[\/et_pb_text][\/et_pb_column][et_pb_column type=&#8221;1_4&#8243; _builder_version=&#8221;4.9.0&#8243; _module_preset=&#8221;default&#8221;][\/et_pb_column][et_pb_column type=&#8221;1_4&#8243; _builder_version=&#8221;4.9.0&#8243; _module_preset=&#8221;default&#8221;][et_pb_blurb title=&#8221;(686) 564 1800&#8243; url=&#8221;tel:6865641800&#8243; use_icon=&#8221;on&#8221; font_icon=&#8221;%%264%%&#8221; icon_color=&#8221;#ffffff&#8221; use_circle=&#8221;on&#8221; circle_color=&#8221;#cc6b59&#8243; icon_placement=&#8221;left&#8221; content_max_width=&#8221;300px&#8221; _builder_version=&#8221;4.9.0&#8243; header_level=&#8221;h5&#8243; header_font=&#8221;|700||on|||||&#8221; header_text_color=&#8221;#000000&#8243; header_font_size=&#8221;18px&#8221; header_letter_spacing=&#8221;1px&#8221; header_line_height=&#8221;2em&#8221; body_font_size=&#8221;12px&#8221; body_line_height=&#8221;1.6em&#8221; custom_padding=&#8221;|||&#8221; animation=&#8221;off&#8221; link_option_url=&#8221;tel:6865641800&#8243; border_radii=&#8221;on|10px|10px|10px|10px&#8221; locked=&#8221;off&#8221;][\/et_pb_blurb][\/et_pb_column][et_pb_column type=&#8221;1_4&#8243; _builder_version=&#8221;4.9.0&#8243; _module_preset=&#8221;default&#8221;][et_pb_blurb title=&#8221;Av Eucalipto 2399, Frontera, 21396 Mexicali, B.C.&#8221; url=&#8221;https:\/\/www.google.com\/maps\/uv?pb=!1s0x80d77b3af811dd11%3A0x109f4f0c6bcd0bb9!3m1!7e115!4s%2Fmaps%2Fplace%2Ftetrapack%2Bmexicali%2F%4032.6422797%2C-115.4005673%2C3a%2C75y%2C157.39h%2C90t%2Fdata%3D*213m4*211e1*213m2*211sMgJN-PyoUSLtP3ybx0Z3pg*212e0*214m2*213m1*211s0x80d77b3af811dd11%3A0x109f4f0c6bcd0bb9%3Fsa%3DX!5stetrapack%20mexicali%20-%20Buscar%20con%20Google!15sCgIgAQ&#038;imagekey=!1e2!2sMgJN-PyoUSLtP3ybx0Z3pg&#038;hl=es-419&#038;sa=X&#038;ved=2ahUKEwjO46rnyrnzAhXjIDQIHQIOAzsQpx96BAhTEAM&#8221; use_icon=&#8221;on&#8221; font_icon=&#8221;%%249%%&#8221; icon_color=&#8221;#ffffff&#8221; use_circle=&#8221;on&#8221; circle_color=&#8221;#15c39a&#8221; icon_placement=&#8221;left&#8221; content_max_width=&#8221;300px&#8221; _builder_version=&#8221;4.9.0&#8243; header_level=&#8221;h5&#8243; header_font=&#8221;|700||on|||||&#8221; header_text_color=&#8221;#000000&#8243; header_line_height=&#8221;1.5em&#8221; body_font_size=&#8221;12px&#8221; body_line_height=&#8221;1.6em&#8221; custom_padding=&#8221;|||&#8221; animation=&#8221;off&#8221; link_option_url=&#8221;https:\/\/www.google.com\/maps\/uv?pb=!1s0x80d77b3af811dd11%3A0x109f4f0c6bcd0bb9!3m1!7e115!4s%2Fmaps%2Fplace%2Ftetrapack%2Bmexicali%2F%4032.6422797%2C-115.4005673%2C3a%2C75y%2C157.39h%2C90t%2Fdata%3D*213m4*211e1*213m2*211sMgJN-PyoUSLtP3ybx0Z3pg*212e0*214m2*213m1*211s0x80d77b3af811dd11%3A0x109f4f0c6bcd0bb9%3Fsa%3DX!5stetrapack%20mexicali%20-%20Buscar%20con%20Google!15sCgIgAQ&#038;imagekey=!1e2!2sMgJN-PyoUSLtP3ybx0Z3pg&#038;hl=es-419&#038;sa=X&#038;ved=2ahUKEwjO46rnyrnzAhXjIDQIHQIOAzsQpx96BAhTEAM&#8221; border_radii=&#8221;on|10px|10px|10px|10px&#8221; locked=&#8221;off&#8221;][\/et_pb_blurb][\/et_pb_column][\/et_pb_row][et_pb_row column_structure=&#8221;1_4,1_4,1_4,1_4&#8243; use_custom_gutter=&#8221;on&#8221; gutter_width=&#8221;2&#8243; _builder_version=&#8221;4.9.0&#8243; _module_preset=&#8221;default&#8221; width=&#8221;84%&#8221; max_width=&#8221;1444px&#8221; border_width_right=&#8221;1px&#8221; border_color_right=&#8221;#e6e6e6&#8243; border_width_bottom=&#8221;1px&#8221; border_color_bottom=&#8221;#e6e6e6&#8243; border_width_left=&#8221;1px&#8221; border_color_left=&#8221;#e6e6e6&#8243;][et_pb_column type=&#8221;1_4&#8243; _builder_version=&#8221;4.9.0&#8243; _module_preset=&#8221;default&#8221;][et_pb_text _builder_version=&#8221;4.9.0&#8243; _module_preset=&#8221;default&#8221; text_font=&#8221;||||||||&#8221; header_font=&#8221;Bebas Neue||||||||&#8221; header_2_font=&#8221;Bebas Neue|700|||||||&#8221; header_2_text_align=&#8221;left&#8221; header_2_text_color=&#8221;#002855&#8243; header_2_font_size=&#8221;30px&#8221; header_2_line_height=&#8221;1.2em&#8221; text_orientation=&#8221;center&#8221; max_width=&#8221;600px&#8221; module_alignment=&#8221;center&#8221; header_2_font_size_tablet=&#8221;36px&#8221; header_2_font_size_phone=&#8221;28px&#8221; header_2_font_size_last_edited=&#8221;on|phone&#8221;]<\/p>\n<h2>Salvemos Las Lagunas<\/h2>\n<p>[\/et_pb_text][\/et_pb_column][et_pb_column type=&#8221;1_4&#8243; _builder_version=&#8221;4.9.0&#8243; _module_preset=&#8221;default&#8221;][et_pb_social_media_follow _builder_version=&#8221;4.9.0&#8243;][et_pb_social_media_follow_network social_network=&#8221;dribbble&#8221; url=&#8221;http:\/\/www.facebook.com\/SalvemoslasLagunas&#8221; _builder_version=&#8221;4.9.0&#8243; background_color=&#8221;#ea4c8d&#8221; custom_margin=&#8221;|4px||4px||true&#8221; custom_padding=&#8221;8px|8px|8px|8px|true|true&#8221; follow_button=&#8221;off&#8221; url_new_window=&#8221;on&#8221;]dribbble[\/et_pb_social_media_follow_network][\/et_pb_social_media_follow][\/et_pb_column][et_pb_column type=&#8221;1_4&#8243; _builder_version=&#8221;4.9.0&#8243; _module_preset=&#8221;default&#8221;][et_pb_blurb title=&#8221;(686) 186 5588&#8243; url=&#8221;tel:6861865588&#8243; use_icon=&#8221;on&#8221; font_icon=&#8221;%%264%%&#8221; icon_color=&#8221;#ffffff&#8221; use_circle=&#8221;on&#8221; circle_color=&#8221;#cc6b59&#8243; icon_placement=&#8221;left&#8221; content_max_width=&#8221;300px&#8221; _builder_version=&#8221;4.9.0&#8243; header_level=&#8221;h5&#8243; header_font=&#8221;|700||on|||||&#8221; header_text_color=&#8221;#000000&#8243; header_font_size=&#8221;18px&#8221; header_letter_spacing=&#8221;1px&#8221; header_line_height=&#8221;2em&#8221; body_font_size=&#8221;12px&#8221; body_line_height=&#8221;1.6em&#8221; custom_padding=&#8221;|||&#8221; animation=&#8221;off&#8221; link_option_url=&#8221;tel:6861865588&#8243; border_radii=&#8221;on|10px|10px|10px|10px&#8221; locked=&#8221;off&#8221;][\/et_pb_blurb][\/et_pb_column][et_pb_column type=&#8221;1_4&#8243; _builder_version=&#8221;4.9.0&#8243; _module_preset=&#8221;default&#8221;][\/et_pb_column][\/et_pb_row][et_pb_row column_structure=&#8221;1_4,1_4,1_4,1_4&#8243; use_custom_gutter=&#8221;on&#8221; gutter_width=&#8221;2&#8243; _builder_version=&#8221;4.9.0&#8243; _module_preset=&#8221;default&#8221; width=&#8221;84%&#8221; max_width=&#8221;1444px&#8221; border_width_right=&#8221;1px&#8221; border_color_right=&#8221;#e6e6e6&#8243; border_width_bottom=&#8221;1px&#8221; border_color_bottom=&#8221;#e6e6e6&#8243; border_width_left=&#8221;1px&#8221; border_color_left=&#8221;#e6e6e6&#8243;][et_pb_column type=&#8221;1_4&#8243; _builder_version=&#8221;4.9.0&#8243; _module_preset=&#8221;default&#8221;][et_pb_text _builder_version=&#8221;4.9.0&#8243; _module_preset=&#8221;default&#8221; text_font=&#8221;||||||||&#8221; header_font=&#8221;Bebas Neue||||||||&#8221; header_2_font=&#8221;Bebas Neue|700|||||||&#8221; header_2_text_align=&#8221;left&#8221; header_2_text_color=&#8221;#002855&#8243; header_2_font_size=&#8221;30px&#8221; header_2_line_height=&#8221;1.2em&#8221; text_orientation=&#8221;center&#8221; max_width=&#8221;600px&#8221; module_alignment=&#8221;center&#8221; header_2_font_size_tablet=&#8221;36px&#8221; header_2_font_size_phone=&#8221;28px&#8221; header_2_font_size_last_edited=&#8221;on|phone&#8221;]<\/p>\n<h2>Sonoran Institute<\/h2>\n<h2>\u00a0<\/h2>\n<p>[\/et_pb_text][\/et_pb_column][et_pb_column type=&#8221;1_4&#8243; _builder_version=&#8221;4.9.0&#8243; _module_preset=&#8221;default&#8221;][et_pb_social_media_follow _builder_version=&#8221;4.9.0&#8243;][et_pb_social_media_follow_network social_network=&#8221;dribbble&#8221; url=&#8221;https:\/\/sonoraninstitutemexico.org\/?fbclid=IwAR07kfoEeTdCBpFbUoHvEHOOtxc57IIS4eZFeXhuFxE-jFum-orZGhz6nNo&#8221; _builder_version=&#8221;4.9.0&#8243; background_color=&#8221;#ea4c8d&#8221; custom_margin=&#8221;|4px||4px||true&#8221; custom_padding=&#8221;8px|8px|8px|8px|true|true&#8221; follow_button=&#8221;off&#8221; url_new_window=&#8221;on&#8221;]dribbble[\/et_pb_social_media_follow_network][et_pb_social_media_follow_network social_network=&#8221;facebook&#8221; url=&#8221;http:\/\/www.facebook.com\/SonoranInstituteMx&#8221; _builder_version=&#8221;4.9.0&#8243; background_color=&#8221;#3b5998&#8243; custom_margin=&#8221;|4px||4px||true&#8221; custom_padding=&#8221;8px|8px|8px|8px|true|true&#8221; follow_button=&#8221;off&#8221; url_new_window=&#8221;on&#8221;]facebook[\/et_pb_social_media_follow_network][\/et_pb_social_media_follow][\/et_pb_column][et_pb_column type=&#8221;1_4&#8243; _builder_version=&#8221;4.9.0&#8243; _module_preset=&#8221;default&#8221;][et_pb_blurb title=&#8221;(686) 582 5431&#8243; url=&#8221;tel:6865825431&#8243; use_icon=&#8221;on&#8221; font_icon=&#8221;%%264%%&#8221; icon_color=&#8221;#ffffff&#8221; use_circle=&#8221;on&#8221; circle_color=&#8221;#cc6b59&#8243; icon_placement=&#8221;left&#8221; content_max_width=&#8221;300px&#8221; _builder_version=&#8221;4.9.0&#8243; header_level=&#8221;h5&#8243; header_font=&#8221;|700||on|||||&#8221; header_text_color=&#8221;#000000&#8243; header_font_size=&#8221;18px&#8221; header_letter_spacing=&#8221;1px&#8221; header_line_height=&#8221;2em&#8221; body_font_size=&#8221;12px&#8221; body_line_height=&#8221;1.6em&#8221; custom_padding=&#8221;|||&#8221; animation=&#8221;off&#8221; link_option_url=&#8221;tel:6865825431&#8243; border_radii=&#8221;on|10px|10px|10px|10px&#8221; locked=&#8221;off&#8221;][\/et_pb_blurb][\/et_pb_column][et_pb_column type=&#8221;1_4&#8243; _builder_version=&#8221;4.9.0&#8243; _module_preset=&#8221;default&#8221;][et_pb_blurb title=&#8221;Blvd. de Las Am\u00e9ricas #233 Col. Cuauht\u00e9moc Norte 21200 Mexicali, Pen\u00ednsula de Baja California, M\u00e9xico&#8221; url=&#8221;https:\/\/www.google.com.mx\/maps\/place\/Calz+de+las+Americas+233,+Cuauht%C3%A9moc+Nte,+21200+Mexicali,+B.C.\/@32.6628722,-115.4492133,17z\/data=!3m1!4b1!4m5!3m4!1s0x80d7703e6115e18b:0x676c4228d598500e!8m2!3d32.6628722!4d-115.4470246&#8243; use_icon=&#8221;on&#8221; font_icon=&#8221;%%249%%&#8221; icon_color=&#8221;#ffffff&#8221; use_circle=&#8221;on&#8221; circle_color=&#8221;#15c39a&#8221; icon_placement=&#8221;left&#8221; content_max_width=&#8221;300px&#8221; _builder_version=&#8221;4.9.0&#8243; header_level=&#8221;h5&#8243; header_font=&#8221;|700||on|||||&#8221; header_text_color=&#8221;#000000&#8243; header_line_height=&#8221;1.5em&#8221; body_font_size=&#8221;12px&#8221; body_line_height=&#8221;1.6em&#8221; custom_padding=&#8221;|||&#8221; animation=&#8221;off&#8221; link_option_url=&#8221;https:\/\/www.google.com.mx\/maps\/place\/Calz+de+las+Americas+233,+Cuauht%C3%A9moc+Nte,+21200+Mexicali,+B.C.\/@32.6628722,-115.4492133,17z\/data=!3m1!4b1!4m5!3m4!1s0x80d7703e6115e18b:0x676c4228d598500e!8m2!3d32.6628722!4d-115.4470246&#8243; border_radii=&#8221;on|10px|10px|10px|10px&#8221; locked=&#8221;off&#8221;][\/et_pb_blurb][\/et_pb_column][\/et_pb_row][et_pb_row column_structure=&#8221;1_4,1_4,1_4,1_4&#8243; use_custom_gutter=&#8221;on&#8221; gutter_width=&#8221;2&#8243; _builder_version=&#8221;4.9.0&#8243; _module_preset=&#8221;default&#8221; width=&#8221;84%&#8221; max_width=&#8221;1444px&#8221; border_width_right=&#8221;1px&#8221; border_color_right=&#8221;#e6e6e6&#8243; border_width_bottom=&#8221;1px&#8221; border_color_bottom=&#8221;#e6e6e6&#8243; border_width_left=&#8221;1px&#8221; border_color_left=&#8221;#e6e6e6&#8243;][et_pb_column type=&#8221;1_4&#8243; _builder_version=&#8221;4.9.0&#8243; _module_preset=&#8221;default&#8221;][et_pb_text _builder_version=&#8221;4.9.0&#8243; _module_preset=&#8221;default&#8221; text_font=&#8221;||||||||&#8221; header_font=&#8221;Bebas Neue||||||||&#8221; header_2_font=&#8221;Bebas Neue|700|||||||&#8221; header_2_text_align=&#8221;left&#8221; header_2_text_color=&#8221;#002855&#8243; header_2_font_size=&#8221;30px&#8221; header_2_line_height=&#8221;1.2em&#8221; text_orientation=&#8221;center&#8221; max_width=&#8221;600px&#8221; module_alignment=&#8221;center&#8221; header_2_font_size_tablet=&#8221;36px&#8221; header_2_font_size_phone=&#8221;28px&#8221; header_2_font_size_last_edited=&#8221;on|phone&#8221;]<\/p>\n<h2>Todos Somos Mexicali<\/h2>\n<h2><\/h2>\n<p>[\/et_pb_text][\/et_pb_column][et_pb_column type=&#8221;1_4&#8243; _builder_version=&#8221;4.9.0&#8243; _module_preset=&#8221;default&#8221;][et_pb_social_media_follow _builder_version=&#8221;4.9.0&#8243;][et_pb_social_media_follow_network social_network=&#8221;dribbble&#8221; url=&#8221;http:\/\/www.facebook.com\/todossomosmxlac&#8221; _builder_version=&#8221;4.9.0&#8243; background_color=&#8221;#ea4c8d&#8221; custom_margin=&#8221;|4px||4px||true&#8221; custom_padding=&#8221;8px|8px|8px|8px|true|true&#8221; follow_button=&#8221;off&#8221; url_new_window=&#8221;on&#8221;]dribbble[\/et_pb_social_media_follow_network][et_pb_social_media_follow_network social_network=&#8221;facebook&#8221; url=&#8221;http:\/\/www.facebook.com\/todossomosmxlac&#8221; _builder_version=&#8221;4.9.0&#8243; background_color=&#8221;#3b5998&#8243; custom_margin=&#8221;|4px||4px||true&#8221; custom_padding=&#8221;8px|8px|8px|8px|true|true&#8221; follow_button=&#8221;off&#8221; url_new_window=&#8221;on&#8221;]facebook[\/et_pb_social_media_follow_network][\/et_pb_social_media_follow][\/et_pb_column][et_pb_column type=&#8221;1_4&#8243; _builder_version=&#8221;4.9.0&#8243; _module_preset=&#8221;default&#8221;][et_pb_blurb title=&#8221;(686) 218 2030&#8243; url=&#8221;tel:6862182030&#8243; use_icon=&#8221;on&#8221; font_icon=&#8221;%%264%%&#8221; icon_color=&#8221;#ffffff&#8221; use_circle=&#8221;on&#8221; circle_color=&#8221;#cc6b59&#8243; icon_placement=&#8221;left&#8221; content_max_width=&#8221;300px&#8221; _builder_version=&#8221;4.9.0&#8243; header_level=&#8221;h5&#8243; header_font=&#8221;|700||on|||||&#8221; header_text_color=&#8221;#000000&#8243; header_font_size=&#8221;18px&#8221; header_letter_spacing=&#8221;1px&#8221; header_line_height=&#8221;2em&#8221; body_font_size=&#8221;12px&#8221; body_line_height=&#8221;1.6em&#8221; custom_padding=&#8221;|||&#8221; animation=&#8221;off&#8221; link_option_url=&#8221;tel:6862182030&#8243; border_radii=&#8221;on|10px|10px|10px|10px&#8221; locked=&#8221;off&#8221;][\/et_pb_blurb][\/et_pb_column][et_pb_column type=&#8221;1_4&#8243; _builder_version=&#8221;4.9.0&#8243; _module_preset=&#8221;default&#8221;][et_pb_blurb title=&#8221;Av. Lerdo de Tejada 1200, Segunda Secci\u00f3n Esq. Doctor Gast\u00f3n H Salazar 21100 Mexicali, Pen\u00ednsula de Baja California, M\u00e9xico&#8221; url=&#8221;https:\/\/www.google.com.mx\/maps\/place\/Av.+Sebasti%C3%A1n+Lerdo+de+Tejada+1200,+Segunda,+21100+Mexicali,+B.C.\/@32.6628722,-115.4492133,17z\/data=!4m5!3m4!1s0x80d7700826003091:0xfdbc4d23ae98ef46!8m2!3d32.661624!4d-115.472947&#8243; use_icon=&#8221;on&#8221; font_icon=&#8221;%%249%%&#8221; icon_color=&#8221;#ffffff&#8221; use_circle=&#8221;on&#8221; circle_color=&#8221;#15c39a&#8221; icon_placement=&#8221;left&#8221; content_max_width=&#8221;300px&#8221; _builder_version=&#8221;4.9.0&#8243; header_level=&#8221;h5&#8243; header_font=&#8221;|700||on|||||&#8221; header_text_color=&#8221;#000000&#8243; header_line_height=&#8221;1.5em&#8221; body_font_size=&#8221;12px&#8221; body_line_height=&#8221;1.6em&#8221; custom_padding=&#8221;|||&#8221; animation=&#8221;off&#8221; link_option_url=&#8221;https:\/\/www.google.com.mx\/maps\/place\/Av.+Sebasti%C3%A1n+Lerdo+de+Tejada+1200,+Segunda,+21100+Mexicali,+B.C.\/@32.6628722,-115.4492133,17z\/data=!4m5!3m4!1s0x80d7700826003091:0xfdbc4d23ae98ef46!8m2!3d32.661624!4d-115.472947&#8243; border_radii=&#8221;on|10px|10px|10px|10px&#8221; locked=&#8221;off&#8221;][\/et_pb_blurb][\/et_pb_column][\/et_pb_row][et_pb_row column_structure=&#8221;1_4,1_4,1_4,1_4&#8243; use_custom_gutter=&#8221;on&#8221; gutter_width=&#8221;2&#8243; _builder_version=&#8221;4.9.0&#8243; _module_preset=&#8221;default&#8221; width=&#8221;84%&#8221; max_width=&#8221;1444px&#8221; border_width_right=&#8221;1px&#8221; border_color_right=&#8221;#e6e6e6&#8243; border_width_bottom=&#8221;1px&#8221; border_color_bottom=&#8221;#e6e6e6&#8243; border_width_left=&#8221;1px&#8221; border_color_left=&#8221;#e6e6e6&#8243;][et_pb_column type=&#8221;1_4&#8243; _builder_version=&#8221;4.9.0&#8243; _module_preset=&#8221;default&#8221;][et_pb_text _builder_version=&#8221;4.9.0&#8243; _module_preset=&#8221;default&#8221; text_font=&#8221;||||||||&#8221; header_font=&#8221;Bebas Neue||||||||&#8221; header_2_font=&#8221;Bebas Neue|700|||||||&#8221; header_2_text_align=&#8221;left&#8221; header_2_text_color=&#8221;#002855&#8243; header_2_font_size=&#8221;30px&#8221; header_2_line_height=&#8221;1.2em&#8221; text_orientation=&#8221;center&#8221; max_width=&#8221;600px&#8221; module_alignment=&#8221;center&#8221; header_2_font_size_tablet=&#8221;36px&#8221; header_2_font_size_phone=&#8221;28px&#8221; header_2_font_size_last_edited=&#8221;on|phone&#8221;]<\/p>\n<h2>Verde Mexicali Verde<\/h2>\n<h2><\/h2>\n<p>[\/et_pb_text][\/et_pb_column][et_pb_column type=&#8221;1_4&#8243; _builder_version=&#8221;4.9.0&#8243; _module_preset=&#8221;default&#8221;][et_pb_social_media_follow _builder_version=&#8221;4.9.0&#8243;][et_pb_social_media_follow_network social_network=&#8221;dribbble&#8221; url=&#8221;http:\/\/CDEM.ORG.MX\/?fbclid=IwAR0BC8XA7IhYV8S6OxoFLBuF7X_D5LzDSS2K5_A3ZQdSMR-3P_sIgP5ryKg&#8221; _builder_version=&#8221;4.9.0&#8243; background_color=&#8221;#ea4c8d&#8221; custom_margin=&#8221;|4px||4px||true&#8221; custom_padding=&#8221;8px|8px|8px|8px|true|true&#8221; follow_button=&#8221;off&#8221; url_new_window=&#8221;on&#8221;]dribbble[\/et_pb_social_media_follow_network][et_pb_social_media_follow_network social_network=&#8221;facebook&#8221; url=&#8221;http:\/\/CDEM.ORG.MX\/?fbclid=IwAR0BC8XA7IhYV8S6OxoFLBuF7X_D5LzDSS2K5_A3ZQdSMR-3P_sIgP5ryKg&#8221; _builder_version=&#8221;4.9.0&#8243; background_color=&#8221;#3b5998&#8243; custom_margin=&#8221;|4px||4px||true&#8221; custom_padding=&#8221;8px|8px|8px|8px|true|true&#8221; follow_button=&#8221;off&#8221; url_new_window=&#8221;on&#8221;]facebook[\/et_pb_social_media_follow_network][\/et_pb_social_media_follow][\/et_pb_column][et_pb_column type=&#8221;1_4&#8243; _builder_version=&#8221;4.9.0&#8243; _module_preset=&#8221;default&#8221;][\/et_pb_column][et_pb_column type=&#8221;1_4&#8243; _builder_version=&#8221;4.9.0&#8243; _module_preset=&#8221;default&#8221;][et_pb_blurb title=&#8221;Calzada Cetys 2799 21259 Mexicali, Pen\u00ednsula de Baja California, M\u00e9xico&#8221; url=&#8221;https:\/\/www.google.com.mx\/maps\/place\/Calz.+Cetys+2799,+Zona+Sin+Asignaci%C3%B3n+de+Nombre+de+Colonia,+21254+Mexicali,+B.C.\/@32.6528412,-115.3954127,17z\/data=!3m1!4b1!4m5!3m4!1s0x80d7719cf5d67cf5:0x41c126438425a9ea!8m2!3d32.6528412!4d-115.393224&#8243; use_icon=&#8221;on&#8221; font_icon=&#8221;%%249%%&#8221; icon_color=&#8221;#ffffff&#8221; use_circle=&#8221;on&#8221; circle_color=&#8221;#15c39a&#8221; icon_placement=&#8221;left&#8221; content_max_width=&#8221;300px&#8221; _builder_version=&#8221;4.9.0&#8243; header_level=&#8221;h5&#8243; header_font=&#8221;|700||on|||||&#8221; header_text_color=&#8221;#000000&#8243; header_line_height=&#8221;1.5em&#8221; body_font_size=&#8221;12px&#8221; body_line_height=&#8221;1.6em&#8221; custom_padding=&#8221;|||&#8221; animation=&#8221;off&#8221; link_option_url=&#8221;https:\/\/wwwhttps:\/\/www.google.com.mx\/maps\/place\/Calz.+Cetys+2799,+Zona+Sin+Asignaci%C3%B3n+de+Nombre+de+Colonia,+21254+Mexicali,+B.C.\/@32.6528412,-115.3954127,17z\/data=!3m1!4b1!4m5!3m4!1s0x80d7719cf5d67cf5:0x41c126438425a9ea!8m2!3d32.6528412!4d-115.393224.google.com.mx\/maps\/place\/Av.+Sebasti%C3%A1n+Lerdo+de+Tejada+1200,+Segunda,+21100+Mexicali,+B.C.\/@32.6628722,-115.4492133,17z\/data=!4m5!3m4!1s0x80d7700826003091:0xfdbc4d23ae98ef46!8m2!3d32.661624!4d-115.472947&#8243; border_radii=&#8221;on|10px|10px|10px|10px&#8221; locked=&#8221;off&#8221;][\/et_pb_blurb][\/et_pb_column][\/et_pb_row][\/et_pb_section][et_pb_section fb_built=&#8221;1&#8243; specialty=&#8221;on&#8221; padding_top_2=&#8221;120px&#8221; padding_2_tablet=&#8221;0px|||&#8221; padding_2_phone=&#8221;&#8221; padding_2_last_edited=&#8221;on|tablet&#8221; admin_label=&#8221;Footer&#8221; _builder_version=&#8221;4.9.0&#8243; background_image=&#8221;https:\/\/elgaragehub.com\/gobiernodemexicali\/innovandolaculturaambiental\/wp-content\/uploads\/2021\/05\/Fondo-web-Footer-min1.png&#8221; custom_padding=&#8221;14vw||8vw||false|&#8221; top_divider_height=&#8221;15vw&#8221; top_divider_repeat=&#8221;0.5x&#8221; global_module=&#8221;323&#8243; saved_tabs=&#8221;all&#8221; locked=&#8221;off&#8221;][et_pb_column type=&#8221;1_2&#8243; _builder_version=&#8221;3.25&#8243; custom_padding=&#8221;|||&#8221; custom_padding__hover=&#8221;|||&#8221;][\/et_pb_column][et_pb_column type=&#8221;1_2&#8243; specialty_columns=&#8221;2&#8243; _builder_version=&#8221;3.25&#8243; custom_padding=&#8221;|||&#8221; custom_padding__hover=&#8221;|||&#8221;][et_pb_row_inner _builder_version=&#8221;4.9.0&#8243; background_color=&#8221;#ffffff&#8221; custom_margin=&#8221;-80px||||false|false&#8221; custom_margin_tablet=&#8221;0px||||false|false&#8221; custom_margin_phone=&#8221;&#8221; custom_margin_last_edited=&#8221;on|desktop&#8221; custom_padding=&#8221;41px|40px|41px|40px|true|true&#8221; border_radii=&#8221;on|6px|6px|6px|6px&#8221; box_shadow_style=&#8221;preset1&#8243; box_shadow_vertical=&#8221;20px&#8221; box_shadow_blur=&#8221;40px&#8221; box_shadow_color=&#8221;rgba(0,40,85,0.4)&#8221;][et_pb_column_inner saved_specialty_column_type=&#8221;1_2&#8243; _builder_version=&#8221;3.25&#8243; custom_padding=&#8221;|||&#8221; custom_padding__hover=&#8221;|||&#8221;][et_pb_text _builder_version=&#8221;4.9.0&#8243; text_font=&#8221;Bebas Neue|500|||||||&#8221; text_text_color=&#8221;#002855&#8243; text_font_size=&#8221;24px&#8221; text_letter_spacing=&#8221;0.5px&#8221; text_line_height=&#8221;2em&#8221; header_3_font=&#8221;|700|||||||&#8221; header_3_text_color=&#8221;#002855&#8243; transform_scale_tablet=&#8221;&#8221; transform_scale_phone=&#8221;&#8221; transform_scale_last_edited=&#8221;on|desktop&#8221; transform_translate_tablet=&#8221;&#8221; transform_translate_phone=&#8221;&#8221; transform_translate_last_edited=&#8221;on|desktop&#8221; transform_rotate_tablet=&#8221;&#8221; transform_rotate_phone=&#8221;&#8221; transform_rotate_last_edited=&#8221;on|desktop&#8221; transform_skew_tablet=&#8221;&#8221; transform_skew_phone=&#8221;&#8221; transform_skew_last_edited=&#8221;on|desktop&#8221; transform_origin_tablet=&#8221;&#8221; transform_origin_phone=&#8221;&#8221; transform_origin_last_edited=&#8221;on|desktop&#8221; transform_styles_last_edited=&#8221;on|desktop&#8221; text_font_size_tablet=&#8221;&#8221; text_font_size_phone=&#8221;18px&#8221; text_font_size_last_edited=&#8221;on|phone&#8221; text_letter_spacing_tablet=&#8221;&#8221; text_letter_spacing_phone=&#8221;0px&#8221; text_letter_spacing_last_edited=&#8221;on|tablet&#8221; transform_styles_tablet=&#8221;&#8221; transform_styles_phone=&#8221;&#8221; locked=&#8221;off&#8221;]<\/p>\n<h3><a href=\"tel:6865560636\">(686) 556 0636<\/a><br \/> <a href=\"mailto:innovandolaculturaambiental@gmail.com\"><\/a><\/h3>\n<h3><a href=\"mailto:innovandolaculturaambiental@gmail.com\">innovandolaculturaambiental@gmail.com<\/a><\/h3>\n<p>Avenida Reforma #508 y Jose Maria Morelos 21100 Mexicali, Pen\u00ednsula de Baja California, M\u00e9xico<\/p>\n<p>[\/et_pb_text][et_pb_social_media_follow _builder_version=&#8221;4.9.0&#8243;][et_pb_social_media_follow_network social_network=&#8221;facebook&#8221; url=&#8221;https:\/\/www.facebook.com\/ProteccionalAmbienteMexicali&#8221; _builder_version=&#8221;4.9.0&#8243; background_color=&#8221;#3b5998&#8243; custom_margin=&#8221;|4px||4px||true&#8221; custom_padding=&#8221;8px|8px|8px|8px|true|true&#8221; follow_button=&#8221;off&#8221; url_new_window=&#8221;on&#8221;]facebook[\/et_pb_social_media_follow_network][et_pb_social_media_follow_network social_network=&#8221;youtube&#8221; url=&#8221;https:\/\/www.youtube.com\/channel\/UC4pcKCP659AcO9X0xce_O_A\/featured&#8221; _builder_version=&#8221;4.9.0&#8243; background_color=&#8221;#a82400&#8243; custom_margin=&#8221;|4px||4px||true&#8221; custom_padding=&#8221;8px|8px|8px|8px|true|true&#8221; follow_button=&#8221;off&#8221; url_new_window=&#8221;on&#8221;]youtube[\/et_pb_social_media_follow_network][\/et_pb_social_media_follow][\/et_pb_column_inner][\/et_pb_row_inner][\/et_pb_column][\/et_pb_section]<\/p>\n","protected":false},"excerpt":{"rendered":"<p>[et_pb_section fb_built=&#8221;1&#8243; custom_padding_last_edited=&#8221;on|tablet&#8221; admin_label=&#8221;Header&#8221; _builder_version=&#8221;4.9.0&#8243; background_color=&#8221;#fcfaf7&#8243; background_image=&#8221;https:\/\/elgaragehub.com\/gobiernodemexicali\/innovandolaculturaambiental\/wp-content\/uploads\/2021\/05\/Fondo-web-Header1.png&#8221; background_size=&#8221;contain&#8221; background_position=&#8221;top_left&#8221; custom_padding_tablet=&#8221;||0vw|&#8221; custom_padding_phone=&#8221;&#8221; bottom_divider_height=&#8221;80%&#8221; bottom_divider_repeat=&#8221;0.6x&#8221; bottom_divider_flip=&#8221;vertical|horizontal&#8221;][et_pb_row column_structure=&#8221;1_2,1_2&#8243; _builder_version=&#8221;4.9.0&#8243; custom_margin=&#8221;200px|auto||auto||&#8221; custom_margin_tablet=&#8221;||&#8221; custom_margin_phone=&#8221;0px|||&#8221; custom_margin_last_edited=&#8221;on|tablet&#8221;][et_pb_column type=&#8221;1_2&#8243; _builder_version=&#8221;3.25&#8243; custom_padding=&#8221;|||&#8221; custom_padding__hover=&#8221;|||&#8221;][et_pb_image src=&#8221;https:\/\/elgaragehub.com\/gobiernodemexicali\/innovandolaculturaambiental\/wp-content\/uploads\/2021\/05\/Logo-Eco-Escuela.png&#8221; title_text=&#8221;Logo Eco Escuela&#8221; _builder_version=&#8221;4.9.0&#8243; width_tablet=&#8221;300px&#8221; width_phone=&#8221;60%&#8221; width_last_edited=&#8221;on|tablet&#8221; custom_margin=&#8221;||24px|||&#8221; always_center_on_mobile=&#8221;off&#8221;][\/et_pb_image][et_pb_text _builder_version=&#8221;4.9.0&#8243; text_font=&#8221;Open Sans||||||||&#8221; text_font_size=&#8221;17px&#8221; text_letter_spacing=&#8221;0.5px&#8221; text_line_height=&#8221;2em&#8221; transform_scale_tablet=&#8221;&#8221; transform_scale_phone=&#8221;&#8221; transform_scale_last_edited=&#8221;on|desktop&#8221; transform_translate_tablet=&#8221;&#8221; transform_translate_phone=&#8221;&#8221; transform_translate_last_edited=&#8221;on|desktop&#8221; transform_rotate_tablet=&#8221;&#8221; transform_rotate_phone=&#8221;&#8221; transform_rotate_last_edited=&#8221;on|desktop&#8221; transform_skew_tablet=&#8221;&#8221; transform_skew_phone=&#8221;&#8221; transform_skew_last_edited=&#8221;on|desktop&#8221; transform_origin_tablet=&#8221;&#8221; transform_origin_phone=&#8221;&#8221; transform_origin_last_edited=&#8221;on|desktop&#8221; [&hellip;]<\/p>\n","protected":false},"author":1,"featured_media":0,"parent":0,"menu_order":0,"comment_status":"closed","ping_status":"closed","template":"","meta":{"_et_pb_use_builder":"on","_et_pb_old_content":"<!-- wp:divi\/placeholder \/-->","_et_gb_content_width":""},"_links":{"self":[{"href":"https:\/\/elgaragehub.com\/gobiernodemexicali\/innovandolaculturaambiental\/wp-json\/wp\/v2\/pages\/8"}],"collection":[{"href":"https:\/\/elgaragehub.com\/gobiernodemexicali\/innovandolaculturaambiental\/wp-json\/wp\/v2\/pages"}],"about":[{"href":"https:\/\/elgaragehub.com\/gobiernodemexicali\/innovandolaculturaambiental\/wp-json\/wp\/v2\/types\/page"}],"author":[{"embeddable":true,"href":"https:\/\/elgaragehub.com\/gobiernodemexicali\/innovandolaculturaambiental\/wp-json\/wp\/v2\/users\/1"}],"replies":[{"embeddable":true,"href":"https:\/\/elgaragehub.com\/gobiernodemexicali\/innovandolaculturaambiental\/wp-json\/wp\/v2\/comments?post=8"}],"version-history":[{"count":40,"href":"https:\/\/elgaragehub.com\/gobiernodemexicali\/innovandolaculturaambiental\/wp-json\/wp\/v2\/pages\/8\/revisions"}],"predecessor-version":[{"id":514,"href":"https:\/\/elgaragehub.com\/gobiernodemexicali\/innovandolaculturaambiental\/wp-json\/wp\/v2\/pages\/8\/revisions\/514"}],"wp:attachment":[{"href":"https:\/\/elgaragehub.com\/gobiernodemexicali\/innovandolaculturaambiental\/wp-json\/wp\/v2\/media?parent=8"}],"curies":[{"name":"wp","href":"https:\/\/api.w.org\/{rel}","templated":true}]}}