{"id":177,"date":"2021-05-26T00:18:24","date_gmt":"2021-05-26T00:18:24","guid":{"rendered":"https:\/\/elgaragehub.com\/gobiernodemexicali\/innovandolaculturaambiental\/?page_id=177"},"modified":"2021-11-11T23:09:21","modified_gmt":"2021-11-11T23:09:21","slug":"capacitacion-docente","status":"publish","type":"page","link":"https:\/\/elgaragehub.com\/gobiernodemexicali\/innovandolaculturaambiental\/capacitacion-docente\/","title":{"rendered":"Capacitaci\u00f3n Docente"},"content":{"rendered":"<p>[et_pb_section fb_built=&#8221;1&#8243; custom_padding_last_edited=&#8221;on|tablet&#8221; admin_label=&#8221;Header&#8221; _builder_version=&#8221;4.9.0&#8243; background_color=&#8221;#fcfaf7&#8243; background_image=&#8221;https:\/\/elgaragehub.com\/gobiernodemexicali\/innovandolaculturaambiental\/wp-content\/uploads\/2021\/05\/Fondo-web-Header1.png&#8221; background_size=&#8221;contain&#8221; background_position=&#8221;top_left&#8221; custom_padding=&#8221;||65px|||&#8221; custom_padding_tablet=&#8221;||0vw|&#8221; custom_padding_phone=&#8221;&#8221; bottom_divider_height=&#8221;80%&#8221; bottom_divider_repeat=&#8221;0.6x&#8221; bottom_divider_flip=&#8221;vertical|horizontal&#8221;][et_pb_row _builder_version=&#8221;4.9.0&#8243; custom_margin=&#8221;200px|auto||auto||&#8221; custom_margin_tablet=&#8221;||&#8221; custom_margin_phone=&#8221;0px|||&#8221; custom_margin_last_edited=&#8221;on|tablet&#8221;][et_pb_column type=&#8221;4_4&#8243; _builder_version=&#8221;3.25&#8243; custom_padding=&#8221;|||&#8221; custom_padding__hover=&#8221;|||&#8221;][et_pb_image src=&#8221;https:\/\/elgaragehub.com\/gobiernodemexicali\/innovandolaculturaambiental\/wp-content\/uploads\/2021\/05\/Logo-Capacitacion-docente.png&#8221; title_text=&#8221;Logo Capacitaci\u00f3n docente&#8221; align=&#8221;center&#8221; _builder_version=&#8221;4.9.0&#8243; width=&#8221;60%&#8221; width_tablet=&#8221;500px&#8221; width_phone=&#8221;300px&#8221; width_last_edited=&#8221;on|desktop&#8221; custom_margin=&#8221;||24px|||&#8221; custom_padding=&#8221;||0px|||&#8221; always_center_on_mobile=&#8221;off&#8221;][\/et_pb_image][et_pb_text _builder_version=&#8221;4.9.0&#8243; header_font=&#8221;||||||||&#8221; header_2_font=&#8221;|500|||||||&#8221; header_2_text_align=&#8221;left&#8221; header_2_text_color=&#8221;#002855&#8243; header_2_line_height=&#8221;1.2em&#8221; custom_margin=&#8221;||30px||false|false&#8221; hover_enabled=&#8221;0&#8243; header_2_font_size_tablet=&#8221;36px&#8221; header_2_font_size_phone=&#8221;18px&#8221; header_2_font_size_last_edited=&#8221;on|phone&#8221; header_2_letter_spacing_tablet=&#8221;0px&#8221; header_2_letter_spacing_phone=&#8221;0px&#8221; header_2_letter_spacing_last_edited=&#8221;off|tablet&#8221; locked=&#8221;off&#8221; header_2_font_size=&#8221;22px&#8221; sticky_enabled=&#8221;0&#8243;]<\/p>\n<h2>Al finalizar el curso los participantes tendr\u00e1n conocimientos sobre la importancia de la educaci\u00f3n ambiental basada en el lugar y contar\u00e1n con herramientas para desarrollar proyectos y actividades de educaci\u00f3n ambiental que conlleven la sensibilizaci\u00f3n y participaci\u00f3n en temas de protecci\u00f3n ambiental y desarrollo sostenible, alineadas a la curr\u00edcula educativa de la SEP y su pr\u00e1ctica docente.<\/h2>\n<p>[\/et_pb_text][\/et_pb_column][\/et_pb_row][et_pb_row column_structure=&#8221;1_4,3_4&#8243; custom_padding_last_edited=&#8221;on|phone&#8221; _builder_version=&#8221;4.9.0&#8243; background_color=&#8221;#FFFFFF&#8221; custom_margin=&#8221;-13px|auto|29px|auto|false|false&#8221; custom_padding=&#8221;|80px||80px|true|true&#8221; custom_padding_tablet=&#8221;&#8221; custom_padding_phone=&#8221;|15px||15px|true|true&#8221; border_radii=&#8221;on|10px|10px|10px|10px&#8221; border_width_all=&#8221;1px&#8221; border_color_all=&#8221;RGBA(0,0,0,0)&#8221; box_shadow_style=&#8221;preset1&#8243; locked=&#8221;off&#8221;][et_pb_column type=&#8221;1_4&#8243; _builder_version=&#8221;3.25&#8243; custom_padding=&#8221;|||&#8221; custom_padding__hover=&#8221;|||&#8221;][et_pb_image src=&#8221;https:\/\/elgaragehub.com\/gobiernodemexicali\/innovandolaculturaambiental\/wp-content\/uploads\/2021\/05\/Logo-linea-verde-Diseno-basado-en-el-lugar.png&#8221; title_text=&#8221;Logo l\u00ednea verde &#8211; Dise\u00f1o basado en el lugar&#8221; align=&#8221;center&#8221; align_tablet=&#8221;center&#8221; align_phone=&#8221;&#8221; align_last_edited=&#8221;on|desktop&#8221; _builder_version=&#8221;4.9.0&#8243; background_color=&#8221;RGBA(0,0,0,0)&#8221; background_enable_image=&#8221;off&#8221; background_size=&#8221;contain&#8221; max_width=&#8221;82%&#8221; max_width_tablet=&#8221;&#8221; max_width_phone=&#8221;60%&#8221; max_width_last_edited=&#8221;on|phone&#8221; animation_style=&#8221;zoom&#8221; animation_intensity_zoom=&#8221;10%&#8221; animation=&#8221;top&#8221;][\/et_pb_image][\/et_pb_column][et_pb_column type=&#8221;3_4&#8243; module_class=&#8221;card-content&#8221; _builder_version=&#8221;4.9.0&#8243; custom_padding=&#8221;|||&#8221; custom_padding__hover=&#8221;|||&#8221;][et_pb_text _builder_version=&#8221;4.9.0&#8243; text_font=&#8221;||||||||&#8221; text_font_size=&#8221;15px&#8221; text_line_height=&#8221;2em&#8221; header_font=&#8221;||||||||&#8221; header_font_size=&#8221;56px&#8221; header_2_font=&#8221;Bebas Neue|700|||||||&#8221; header_2_text_color=&#8221;#32855e&#8221; header_2_font_size=&#8221;28px&#8221; header_2_line_height=&#8221;1.6em&#8221; header_3_font=&#8221;Merriweather|700|||||||&#8221; header_3_text_color=&#8221;#ffc47c&#8221; header_3_font_size=&#8221;18px&#8221; header_3_line_height=&#8221;1.8em&#8221; hover_enabled=&#8221;0&#8243; header_2_font_size_tablet=&#8221;&#8221; header_2_font_size_phone=&#8221;20px&#8221; header_2_font_size_last_edited=&#8221;on|phone&#8221; header_3_font_size_tablet=&#8221;&#8221; header_3_font_size_phone=&#8221;14px&#8221; header_3_font_size_last_edited=&#8221;on|phone&#8221; locked=&#8221;off&#8221; sticky_enabled=&#8221;0&#8243;]<\/p>\n<h2>1. Introducci\u00f3n a la Educaci\u00f3n Ambiental<\/h2>\n<p><strong>Duraci\u00f3n:<\/strong> 1 hora<br \/> <strong>Objetivo:<\/strong> El participante comprender\u00e1 los fundamentos y enfoques de la educaci\u00f3n ambiental con la finalidad de integrar dichas tem\u00e1ticas en su pr\u00e1ctica actual y contribuir de manera directa e indirecta a la toma de conciencia ambiental en la comunidad escolar.<\/p>\n<p>[\/et_pb_text][et_pb_button button_url=&#8221;https:\/\/drive.google.com\/file\/d\/1-6hJRUcfR_2Vl_KGT3qe0HAFN_Gm5Izo\/view?usp=sharing&#8221; button_text=&#8221;Video&#8221; button_alignment=&#8221;left&#8221; module_class=&#8221;btn-inline&#8221; _builder_version=&#8221;4.9.0&#8243; custom_button=&#8221;on&#8221; button_text_size=&#8221;20px&#8221; button_text_color=&#8221;#ffffff&#8221; button_bg_use_color_gradient=&#8221;on&#8221; button_bg_color_gradient_start=&#8221;#57ac5a&#8221; button_bg_color_gradient_end=&#8221;#7db667&#8243; button_bg_color_gradient_direction=&#8221;-60deg&#8221; button_border_width=&#8221;0px&#8221; button_border_radius=&#8221;6px&#8221; button_font=&#8221;Bebas Neue||||||||&#8221; custom_margin=&#8221;||||false|false&#8221; custom_padding=&#8221;10px|40px|10px|40px|true|true&#8221; custom_padding_tablet=&#8221;|10px||10px|true|true&#8221; custom_padding_phone=&#8221;&#8221; custom_padding_last_edited=&#8221;on|tablet&#8221; hover_enabled=&#8221;0&#8243; custom_css_before=&#8221;  width: auto !important;||  display: inline-block;||  margin-right: 10px;&#8221; locked=&#8221;off&#8221; sticky_enabled=&#8221;0&#8243;][\/et_pb_button][et_pb_button button_url=&#8221;https:\/\/drive.google.com\/file\/d\/16mzFxFkkh6VIfwOI72bdVWotFAbWM-cm\/view?usp=sharing&#8221; button_text=&#8221;Cuaderno de trabajo&#8221; button_alignment=&#8221;left&#8221; module_class=&#8221;btn-inline&#8221; _builder_version=&#8221;4.9.0&#8243; custom_button=&#8221;on&#8221; button_text_size=&#8221;20px&#8221; button_text_color=&#8221;#ffffff&#8221; button_bg_use_color_gradient=&#8221;on&#8221; button_bg_color_gradient_start=&#8221;#57ac5a&#8221; button_bg_color_gradient_end=&#8221;#7db667&#8243; button_bg_color_gradient_direction=&#8221;-60deg&#8221; button_border_width=&#8221;0px&#8221; button_border_radius=&#8221;6px&#8221; button_font=&#8221;Bebas Neue||||||||&#8221; custom_margin=&#8221;||||false|false&#8221; custom_padding=&#8221;10px|40px|10px|40px|true|true&#8221; custom_padding_tablet=&#8221;|10px||10px|true|true&#8221; custom_padding_phone=&#8221;&#8221; custom_padding_last_edited=&#8221;on|tablet&#8221; custom_css_before=&#8221;  width: auto !important;||  display: inline-block;||  margin-right: 10px;&#8221; locked=&#8221;off&#8221;][\/et_pb_button][\/et_pb_column][\/et_pb_row][et_pb_row column_structure=&#8221;1_4,3_4&#8243; custom_padding_last_edited=&#8221;on|phone&#8221; _builder_version=&#8221;4.9.0&#8243; background_color=&#8221;#FFFFFF&#8221; custom_margin=&#8221;-13px|auto|29px|auto|false|false&#8221; custom_padding=&#8221;|80px||80px|true|true&#8221; custom_padding_tablet=&#8221;&#8221; custom_padding_phone=&#8221;|15px||15px|true|true&#8221; border_radii=&#8221;on|10px|10px|10px|10px&#8221; border_width_all=&#8221;1px&#8221; border_color_all=&#8221;RGBA(0,0,0,0)&#8221; box_shadow_style=&#8221;preset1&#8243; locked=&#8221;off&#8221;][et_pb_column type=&#8221;1_4&#8243; _builder_version=&#8221;3.25&#8243; custom_padding=&#8221;|||&#8221; custom_padding__hover=&#8221;|||&#8221;][et_pb_image src=&#8221;https:\/\/elgaragehub.com\/gobiernodemexicali\/innovandolaculturaambiental\/wp-content\/uploads\/2021\/05\/2.-Educacion-STEM.png&#8221; title_text=&#8221;2. Educaci\u00f3n STEM&#8221; align=&#8221;center&#8221; align_tablet=&#8221;center&#8221; align_phone=&#8221;&#8221; align_last_edited=&#8221;on|desktop&#8221; _builder_version=&#8221;4.9.0&#8243; background_color=&#8221;RGBA(0,0,0,0)&#8221; background_enable_image=&#8221;off&#8221; background_size=&#8221;contain&#8221; max_width=&#8221;82%&#8221; max_width_tablet=&#8221;&#8221; max_width_phone=&#8221;60%&#8221; max_width_last_edited=&#8221;on|phone&#8221; animation_style=&#8221;zoom&#8221; animation_intensity_zoom=&#8221;10%&#8221; animation=&#8221;top&#8221;][\/et_pb_image][\/et_pb_column][et_pb_column type=&#8221;3_4&#8243; module_class=&#8221;card-content&#8221; _builder_version=&#8221;4.9.0&#8243; custom_padding=&#8221;|||&#8221; custom_padding__hover=&#8221;|||&#8221;][et_pb_text _builder_version=&#8221;4.9.0&#8243; text_font=&#8221;||||||||&#8221; text_font_size=&#8221;15px&#8221; text_line_height=&#8221;2em&#8221; header_font=&#8221;||||||||&#8221; header_font_size=&#8221;56px&#8221; header_2_font=&#8221;Bebas Neue|700|||||||&#8221; header_2_text_color=&#8221;#32855e&#8221; header_2_font_size=&#8221;28px&#8221; header_2_line_height=&#8221;1.6em&#8221; header_3_font=&#8221;Merriweather|700|||||||&#8221; header_3_text_color=&#8221;#ffc47c&#8221; header_3_font_size=&#8221;18px&#8221; header_3_line_height=&#8221;1.8em&#8221; header_2_font_size_tablet=&#8221;&#8221; header_2_font_size_phone=&#8221;20px&#8221; header_2_font_size_last_edited=&#8221;on|phone&#8221; header_3_font_size_tablet=&#8221;&#8221; header_3_font_size_phone=&#8221;14px&#8221; header_3_font_size_last_edited=&#8221;on|phone&#8221; locked=&#8221;off&#8221;]<\/p>\n<h2>2. Educaci\u00f3n STEM para el cumplimiento de los Objetivos de Desarrollo Sostenible<\/h2>\n<p><strong>Duraci\u00f3n:<\/strong> 1 hora<br \/><strong>Objetivo:<\/strong> El participante comprender\u00e1 el origen y relaci\u00f3n entre los Objetivos de Desarrollo Sostenible y el potencial de la educaci\u00f3n STEM para abordar desaf\u00edos globales a trav\u00e9s del desarrollo de conocimientos, habilidades, valores y actitudes hacia un desarrollo sostenible.<\/p>\n<p>[\/et_pb_text][et_pb_button button_url=&#8221;https:\/\/drive.google.com\/file\/d\/1EPcs0j1hyV9pX0joUAYS2XJ6Ud5EFhmv\/view?usp=sharing&#8221; button_text=&#8221;Video&#8221; button_alignment=&#8221;left&#8221; module_class=&#8221;btn-inline&#8221; _builder_version=&#8221;4.9.0&#8243; custom_button=&#8221;on&#8221; button_text_size=&#8221;20px&#8221; button_text_color=&#8221;#ffffff&#8221; button_bg_use_color_gradient=&#8221;on&#8221; button_bg_color_gradient_start=&#8221;#57ac5a&#8221; button_bg_color_gradient_end=&#8221;#7db667&#8243; button_bg_color_gradient_direction=&#8221;-60deg&#8221; button_border_width=&#8221;0px&#8221; button_border_radius=&#8221;6px&#8221; button_font=&#8221;Bebas Neue||||||||&#8221; custom_margin=&#8221;||||false|false&#8221; custom_padding=&#8221;10px|40px|10px|40px|true|true&#8221; custom_padding_tablet=&#8221;|10px||10px|true|true&#8221; custom_padding_phone=&#8221;&#8221; custom_padding_last_edited=&#8221;on|tablet&#8221; custom_css_before=&#8221;  width: auto !important;||  display: inline-block;||  margin-right: 10px;&#8221; locked=&#8221;off&#8221;][\/et_pb_button][et_pb_button button_url=&#8221;https:\/\/drive.google.com\/file\/d\/18w9lxZ_gx86oCk10tl06ALIiBNT30EvY\/view?usp=sharing&#8221; button_text=&#8221;Cuaderno de trabajo&#8221; button_alignment=&#8221;left&#8221; module_class=&#8221;btn-inline&#8221; _builder_version=&#8221;4.9.0&#8243; custom_button=&#8221;on&#8221; button_text_size=&#8221;20px&#8221; button_text_color=&#8221;#ffffff&#8221; button_bg_use_color_gradient=&#8221;on&#8221; button_bg_color_gradient_start=&#8221;#57ac5a&#8221; button_bg_color_gradient_end=&#8221;#7db667&#8243; button_bg_color_gradient_direction=&#8221;-60deg&#8221; button_border_width=&#8221;0px&#8221; button_border_radius=&#8221;6px&#8221; button_font=&#8221;Bebas Neue||||||||&#8221; custom_margin=&#8221;||||false|false&#8221; custom_padding=&#8221;10px|40px|10px|40px|true|true&#8221; custom_padding_tablet=&#8221;|10px||10px|true|true&#8221; custom_padding_phone=&#8221;&#8221; custom_padding_last_edited=&#8221;on|tablet&#8221; custom_css_before=&#8221;  width: auto !important;||  display: inline-block;||  margin-right: 10px;&#8221; locked=&#8221;off&#8221;][\/et_pb_button][\/et_pb_column][\/et_pb_row][et_pb_row column_structure=&#8221;1_4,3_4&#8243; custom_padding_last_edited=&#8221;on|phone&#8221; _builder_version=&#8221;4.9.0&#8243; background_color=&#8221;#FFFFFF&#8221; custom_margin=&#8221;-13px|auto|29px|auto|false|false&#8221; custom_padding=&#8221;|80px||80px|true|true&#8221; custom_padding_tablet=&#8221;&#8221; custom_padding_phone=&#8221;|15px||15px|true|true&#8221; border_radii=&#8221;on|10px|10px|10px|10px&#8221; border_width_all=&#8221;1px&#8221; border_color_all=&#8221;RGBA(0,0,0,0)&#8221; box_shadow_style=&#8221;preset1&#8243; locked=&#8221;off&#8221;][et_pb_column type=&#8221;1_4&#8243; _builder_version=&#8221;3.25&#8243; custom_padding=&#8221;|||&#8221; custom_padding__hover=&#8221;|||&#8221;][et_pb_image src=&#8221;https:\/\/elgaragehub.com\/gobiernodemexicali\/innovandolaculturaambiental\/wp-content\/uploads\/2021\/05\/Logo-linea-verde-Educacion-basada-en-el-lugar.png&#8221; title_text=&#8221;Logo l\u00ednea verde &#8211; Educaci\u00f3n basada en el lugar&#8221; align=&#8221;center&#8221; align_tablet=&#8221;center&#8221; align_phone=&#8221;&#8221; align_last_edited=&#8221;on|desktop&#8221; _builder_version=&#8221;4.9.0&#8243; background_color=&#8221;RGBA(0,0,0,0)&#8221; background_enable_image=&#8221;off&#8221; background_size=&#8221;contain&#8221; max_width=&#8221;82%&#8221; max_width_tablet=&#8221;&#8221; max_width_phone=&#8221;60%&#8221; max_width_last_edited=&#8221;on|phone&#8221; animation_style=&#8221;zoom&#8221; animation_intensity_zoom=&#8221;10%&#8221; animation=&#8221;top&#8221;][\/et_pb_image][\/et_pb_column][et_pb_column type=&#8221;3_4&#8243; module_class=&#8221;card-content&#8221; _builder_version=&#8221;4.9.0&#8243; custom_padding=&#8221;|||&#8221; custom_padding__hover=&#8221;|||&#8221;][et_pb_text _builder_version=&#8221;4.9.0&#8243; text_font=&#8221;||||||||&#8221; text_font_size=&#8221;15px&#8221; text_line_height=&#8221;2em&#8221; header_font=&#8221;||||||||&#8221; header_font_size=&#8221;56px&#8221; header_2_font=&#8221;Bebas Neue|700|||||||&#8221; header_2_text_color=&#8221;#32855e&#8221; header_2_font_size=&#8221;28px&#8221; header_2_line_height=&#8221;1.6em&#8221; header_3_font=&#8221;Merriweather|700|||||||&#8221; header_3_text_color=&#8221;#ffc47c&#8221; header_3_font_size=&#8221;18px&#8221; header_3_line_height=&#8221;1.8em&#8221; header_2_font_size_tablet=&#8221;&#8221; header_2_font_size_phone=&#8221;20px&#8221; header_2_font_size_last_edited=&#8221;on|phone&#8221; header_3_font_size_tablet=&#8221;&#8221; header_3_font_size_phone=&#8221;14px&#8221; header_3_font_size_last_edited=&#8221;on|phone&#8221; locked=&#8221;off&#8221;]<\/p>\n<h2><b>3. Educaci\u00f3n STEM basada en el lugar<\/b><\/h2>\n<p><strong>Duraci\u00f3n:<\/strong> 1 hora<br \/><strong>Objetivo:<\/strong> El participante comprender\u00e1 las caracter\u00edsticas y beneficios de la educaci\u00f3n basada en el lugar para la generaci\u00f3n de experiencias de aprendizaje reales y con sentido local, as\u00ed como la integraci\u00f3n de tem\u00e1ticas para la resoluci\u00f3n de problemas y aprendizaje basado en proyectos que fomenten la colaboraci\u00f3n de la comunidad escolar y local. <\/p>\n<p>[\/et_pb_text][et_pb_button button_url=&#8221;https:\/\/drive.google.com\/file\/d\/1SgSQEZRVnyXi3zyEt8kuAcwogwrr5ATc\/view?usp=sharing&#8221; button_text=&#8221;Video&#8221; button_alignment=&#8221;left&#8221; module_class=&#8221;btn-inline&#8221; _builder_version=&#8221;4.9.0&#8243; custom_button=&#8221;on&#8221; button_text_size=&#8221;20px&#8221; button_text_color=&#8221;#ffffff&#8221; button_bg_use_color_gradient=&#8221;on&#8221; button_bg_color_gradient_start=&#8221;#57ac5a&#8221; button_bg_color_gradient_end=&#8221;#7db667&#8243; button_bg_color_gradient_direction=&#8221;-60deg&#8221; button_border_width=&#8221;0px&#8221; button_border_radius=&#8221;6px&#8221; button_font=&#8221;Bebas Neue||||||||&#8221; custom_margin=&#8221;||||false|false&#8221; custom_padding=&#8221;10px|40px|10px|40px|true|true&#8221; custom_padding_tablet=&#8221;|10px||10px|true|true&#8221; custom_padding_phone=&#8221;&#8221; custom_padding_last_edited=&#8221;on|tablet&#8221; custom_css_before=&#8221;  width: auto !important;||  display: inline-block;||  margin-right: 10px;&#8221; locked=&#8221;off&#8221;][\/et_pb_button][et_pb_button button_url=&#8221;https:\/\/drive.google.com\/file\/d\/1UCiaeJJu9ftqYBvpuuSvdjsqjo769m-V\/view?usp=sharing&#8221; button_text=&#8221;Cuaderno de trabajo&#8221; button_alignment=&#8221;left&#8221; module_class=&#8221;btn-inline&#8221; _builder_version=&#8221;4.9.0&#8243; custom_button=&#8221;on&#8221; button_text_size=&#8221;20px&#8221; button_text_color=&#8221;#ffffff&#8221; button_bg_use_color_gradient=&#8221;on&#8221; button_bg_color_gradient_start=&#8221;#57ac5a&#8221; button_bg_color_gradient_end=&#8221;#7db667&#8243; button_bg_color_gradient_direction=&#8221;-60deg&#8221; button_border_width=&#8221;0px&#8221; button_border_radius=&#8221;6px&#8221; button_font=&#8221;Bebas Neue||||||||&#8221; custom_margin=&#8221;||||false|false&#8221; custom_padding=&#8221;10px|40px|10px|40px|true|true&#8221; custom_padding_tablet=&#8221;|10px||10px|true|true&#8221; custom_padding_phone=&#8221;&#8221; custom_padding_last_edited=&#8221;on|tablet&#8221; custom_css_before=&#8221;  width: auto !important;||  display: inline-block;||  margin-right: 10px;&#8221; locked=&#8221;off&#8221;][\/et_pb_button][\/et_pb_column][\/et_pb_row][et_pb_row column_structure=&#8221;1_4,3_4&#8243; custom_padding_last_edited=&#8221;on|phone&#8221; _builder_version=&#8221;4.9.0&#8243; background_color=&#8221;#FFFFFF&#8221; custom_margin=&#8221;-13px|auto|29px|auto|false|false&#8221; custom_padding=&#8221;|80px||80px|true|true&#8221; custom_padding_tablet=&#8221;&#8221; custom_padding_phone=&#8221;|15px||15px|true|true&#8221; border_radii=&#8221;on|10px|10px|10px|10px&#8221; border_width_all=&#8221;1px&#8221; border_color_all=&#8221;RGBA(0,0,0,0)&#8221; box_shadow_style=&#8221;preset1&#8243; locked=&#8221;off&#8221;][et_pb_column type=&#8221;1_4&#8243; _builder_version=&#8221;3.25&#8243; custom_padding=&#8221;|||&#8221; custom_padding__hover=&#8221;|||&#8221;][et_pb_image src=&#8221;https:\/\/elgaragehub.com\/gobiernodemexicali\/innovandolaculturaambiental\/wp-content\/uploads\/2021\/05\/Logo-linea-verde-Exploracion-Mexicali-08.png&#8221; title_text=&#8221;Logo l\u00ednea verde &#8211; Exploraci\u00f3n Mexicali-08&#8243; align=&#8221;center&#8221; align_tablet=&#8221;center&#8221; align_phone=&#8221;&#8221; align_last_edited=&#8221;on|desktop&#8221; _builder_version=&#8221;4.9.0&#8243; background_color=&#8221;RGBA(0,0,0,0)&#8221; background_enable_image=&#8221;off&#8221; background_size=&#8221;contain&#8221; max_width=&#8221;82%&#8221; max_width_tablet=&#8221;&#8221; max_width_phone=&#8221;60%&#8221; max_width_last_edited=&#8221;on|phone&#8221; animation_style=&#8221;zoom&#8221; animation_intensity_zoom=&#8221;10%&#8221; animation=&#8221;top&#8221;][\/et_pb_image][\/et_pb_column][et_pb_column type=&#8221;3_4&#8243; module_class=&#8221;card-content&#8221; _builder_version=&#8221;4.9.0&#8243; custom_padding=&#8221;|||&#8221; custom_padding__hover=&#8221;|||&#8221;][et_pb_text _builder_version=&#8221;4.9.0&#8243; text_font=&#8221;||||||||&#8221; text_font_size=&#8221;15px&#8221; text_line_height=&#8221;2em&#8221; header_font=&#8221;||||||||&#8221; header_font_size=&#8221;56px&#8221; header_2_font=&#8221;Bebas Neue|700|||||||&#8221; header_2_text_color=&#8221;#32855e&#8221; header_2_font_size=&#8221;28px&#8221; header_2_line_height=&#8221;1.6em&#8221; header_3_font=&#8221;Merriweather|700|||||||&#8221; header_3_text_color=&#8221;#ffc47c&#8221; header_3_font_size=&#8221;18px&#8221; header_3_line_height=&#8221;1.8em&#8221; header_2_font_size_tablet=&#8221;&#8221; header_2_font_size_phone=&#8221;20px&#8221; header_2_font_size_last_edited=&#8221;on|phone&#8221; header_3_font_size_tablet=&#8221;&#8221; header_3_font_size_phone=&#8221;14px&#8221; header_3_font_size_last_edited=&#8221;on|phone&#8221; locked=&#8221;off&#8221;]<\/p>\n<h2><b>4. Medio Ambiente<\/b><\/h2>\n<p><strong>Duraci\u00f3n:<\/strong><span style=\"font-weight: 400;\"> 1 hora<br \/><\/span><strong>Objetivo:<\/strong><span style=\"font-weight: 400;\"> El participante examinar cr\u00edticamente los problemas ambientales en la ciudad de Mexicali, Baja California, abordados a trav\u00e9s de 4 ejes tem\u00e1ticos: Sistema lagunar, \u00c1reas verdes, Manejo de residuos y Calidad del aire; y la importancia de la educaci\u00f3n ambiental como estrategia para el cuidado y protecci\u00f3n del medio ambiente local.<\/span><\/p>\n<p>[\/et_pb_text][et_pb_button button_url=&#8221;https:\/\/drive.google.com\/file\/d\/1Rtb5UfDxek2iLOmOPTDBnNuBJgodacwD\/view?usp=sharing&#8221; button_text=&#8221;Video&#8221; button_alignment=&#8221;left&#8221; module_class=&#8221;btn-inline&#8221; _builder_version=&#8221;4.9.0&#8243; custom_button=&#8221;on&#8221; button_text_size=&#8221;20px&#8221; button_text_color=&#8221;#ffffff&#8221; button_bg_use_color_gradient=&#8221;on&#8221; button_bg_color_gradient_start=&#8221;#57ac5a&#8221; button_bg_color_gradient_end=&#8221;#7db667&#8243; button_bg_color_gradient_direction=&#8221;-60deg&#8221; button_border_width=&#8221;0px&#8221; button_border_radius=&#8221;6px&#8221; button_font=&#8221;Bebas Neue||||||||&#8221; custom_margin=&#8221;||||false|false&#8221; custom_padding=&#8221;10px|40px|10px|40px|true|true&#8221; custom_padding_tablet=&#8221;|10px||10px|true|true&#8221; custom_padding_phone=&#8221;&#8221; custom_padding_last_edited=&#8221;on|tablet&#8221; custom_css_before=&#8221;  width: auto !important;||  display: inline-block;||  margin-right: 10px;&#8221; locked=&#8221;off&#8221;][\/et_pb_button][et_pb_button button_url=&#8221;https:\/\/drive.google.com\/file\/d\/1Vgq-A-SCxk6uV7cL9-CRZdaHsacrlHhL\/view?usp=sharing&#8221; button_text=&#8221;Cuaderno de trabajo&#8221; button_alignment=&#8221;left&#8221; module_class=&#8221;btn-inline&#8221; _builder_version=&#8221;4.9.0&#8243; custom_button=&#8221;on&#8221; button_text_size=&#8221;20px&#8221; button_text_color=&#8221;#ffffff&#8221; button_bg_use_color_gradient=&#8221;on&#8221; button_bg_color_gradient_start=&#8221;#57ac5a&#8221; button_bg_color_gradient_end=&#8221;#7db667&#8243; button_bg_color_gradient_direction=&#8221;-60deg&#8221; button_border_width=&#8221;0px&#8221; button_border_radius=&#8221;6px&#8221; button_font=&#8221;Bebas Neue||||||||&#8221; custom_margin=&#8221;||||false|false&#8221; custom_padding=&#8221;10px|40px|10px|40px|true|true&#8221; custom_padding_tablet=&#8221;|10px||10px|true|true&#8221; custom_padding_phone=&#8221;&#8221; custom_padding_last_edited=&#8221;on|tablet&#8221; custom_css_before=&#8221;  width: auto !important;||  display: inline-block;||  margin-right: 10px;&#8221; locked=&#8221;off&#8221;][\/et_pb_button][\/et_pb_column][\/et_pb_row][et_pb_row column_structure=&#8221;1_4,3_4&#8243; custom_padding_last_edited=&#8221;on|phone&#8221; _builder_version=&#8221;4.9.0&#8243; background_color=&#8221;#FFFFFF&#8221; custom_margin=&#8221;-13px|auto|29px|auto|false|false&#8221; custom_padding=&#8221;|80px||80px|true|true&#8221; custom_padding_tablet=&#8221;&#8221; custom_padding_phone=&#8221;|15px||15px|true|true&#8221; border_radii=&#8221;on|10px|10px|10px|10px&#8221; border_width_all=&#8221;1px&#8221; border_color_all=&#8221;RGBA(0,0,0,0)&#8221; box_shadow_style=&#8221;preset1&#8243; locked=&#8221;off&#8221;][et_pb_column type=&#8221;1_4&#8243; _builder_version=&#8221;3.25&#8243; custom_padding=&#8221;|||&#8221; custom_padding__hover=&#8221;|||&#8221;][et_pb_image src=&#8221;https:\/\/elgaragehub.com\/gobiernodemexicali\/innovandolaculturaambiental\/wp-content\/uploads\/2021\/05\/Logo-linea-verde-Sistema-lagunar.png&#8221; title_text=&#8221;Logo l\u00ednea verde &#8211; Sistema lagunar&#8221; align=&#8221;center&#8221; align_tablet=&#8221;center&#8221; align_phone=&#8221;&#8221; align_last_edited=&#8221;on|desktop&#8221; _builder_version=&#8221;4.9.0&#8243; background_color=&#8221;RGBA(0,0,0,0)&#8221; background_enable_image=&#8221;off&#8221; background_size=&#8221;contain&#8221; max_width=&#8221;82%&#8221; max_width_tablet=&#8221;&#8221; max_width_phone=&#8221;60%&#8221; max_width_last_edited=&#8221;on|phone&#8221; animation_style=&#8221;zoom&#8221; animation_intensity_zoom=&#8221;10%&#8221; animation=&#8221;top&#8221;][\/et_pb_image][\/et_pb_column][et_pb_column type=&#8221;3_4&#8243; module_class=&#8221;card-content&#8221; _builder_version=&#8221;4.9.0&#8243; custom_padding=&#8221;|||&#8221; custom_padding__hover=&#8221;|||&#8221;][et_pb_text _builder_version=&#8221;4.9.0&#8243; text_font=&#8221;||||||||&#8221; text_font_size=&#8221;15px&#8221; text_line_height=&#8221;2em&#8221; header_font=&#8221;||||||||&#8221; header_font_size=&#8221;56px&#8221; header_2_font=&#8221;Bebas Neue|700|||||||&#8221; header_2_text_color=&#8221;#32855e&#8221; header_2_font_size=&#8221;28px&#8221; header_2_line_height=&#8221;1.6em&#8221; header_3_font=&#8221;Merriweather|700|||||||&#8221; header_3_text_color=&#8221;#ffc47c&#8221; header_3_font_size=&#8221;18px&#8221; header_3_line_height=&#8221;1.8em&#8221; header_2_font_size_tablet=&#8221;&#8221; header_2_font_size_phone=&#8221;20px&#8221; header_2_font_size_last_edited=&#8221;on|phone&#8221; header_3_font_size_tablet=&#8221;&#8221; header_3_font_size_phone=&#8221;14px&#8221; header_3_font_size_last_edited=&#8221;on|phone&#8221; locked=&#8221;off&#8221;]<\/p>\n<h2>5. Sistema Lagunar<\/h2>\n<p><strong><\/strong><span style=\"font-weight: 400;\"><strong>Duraci\u00f3n:<\/strong> 1 hora<br \/><strong>Objetivo:<\/strong> El participante conocer\u00e1 las caracter\u00edsticas, importancia y retos actuales relacionados al Sistema Lagunar de Mexicali, Baja California y su conexi\u00f3n con la curr\u00edcula educativa.<\/span><\/p>\n<p>[\/et_pb_text][et_pb_button button_url=&#8221;https:\/\/drive.google.com\/file\/d\/1CVpnkwJKBOJSYwjP6-Y4hhmw2vGbdHcn\/view?usp=sharing&#8221; button_text=&#8221;Video&#8221; button_alignment=&#8221;left&#8221; module_class=&#8221;btn-inline&#8221; _builder_version=&#8221;4.9.0&#8243; custom_button=&#8221;on&#8221; button_text_size=&#8221;20px&#8221; button_text_color=&#8221;#ffffff&#8221; button_bg_use_color_gradient=&#8221;on&#8221; button_bg_color_gradient_start=&#8221;#57ac5a&#8221; button_bg_color_gradient_end=&#8221;#7db667&#8243; button_bg_color_gradient_direction=&#8221;-60deg&#8221; button_border_width=&#8221;0px&#8221; button_border_radius=&#8221;6px&#8221; button_font=&#8221;Bebas Neue||||||||&#8221; custom_margin=&#8221;||||false|false&#8221; custom_padding=&#8221;10px|40px|10px|40px|true|true&#8221; custom_padding_tablet=&#8221;|10px||10px|true|true&#8221; custom_padding_phone=&#8221;&#8221; custom_padding_last_edited=&#8221;on|tablet&#8221; custom_css_before=&#8221;  width: auto !important;||  display: inline-block;||  margin-right: 10px;&#8221; locked=&#8221;off&#8221;][\/et_pb_button][et_pb_button button_url=&#8221;https:\/\/drive.google.com\/file\/d\/12ekajBVke_tK31n_7KNgqDK9zu8XLMdV\/view?usp=sharing&#8221; button_text=&#8221;Cuaderno de trabajo&#8221; button_alignment=&#8221;left&#8221; module_class=&#8221;btn-inline&#8221; _builder_version=&#8221;4.9.0&#8243; custom_button=&#8221;on&#8221; button_text_size=&#8221;20px&#8221; button_text_color=&#8221;#ffffff&#8221; button_bg_use_color_gradient=&#8221;on&#8221; button_bg_color_gradient_start=&#8221;#57ac5a&#8221; button_bg_color_gradient_end=&#8221;#7db667&#8243; button_bg_color_gradient_direction=&#8221;-60deg&#8221; button_border_width=&#8221;0px&#8221; button_border_radius=&#8221;6px&#8221; button_font=&#8221;Bebas Neue||||||||&#8221; custom_margin=&#8221;||||false|false&#8221; custom_padding=&#8221;10px|40px|10px|40px|true|true&#8221; custom_padding_tablet=&#8221;|10px||10px|true|true&#8221; custom_padding_phone=&#8221;&#8221; custom_padding_last_edited=&#8221;on|tablet&#8221; custom_css_before=&#8221;  width: auto !important;||  display: inline-block;||  margin-right: 10px;&#8221; locked=&#8221;off&#8221;][\/et_pb_button][\/et_pb_column][\/et_pb_row][et_pb_row column_structure=&#8221;1_4,3_4&#8243; custom_padding_last_edited=&#8221;on|phone&#8221; module_class=&#8221;card-content&#8221; _builder_version=&#8221;4.9.0&#8243; background_color=&#8221;#FFFFFF&#8221; custom_margin=&#8221;-13px|auto|29px|auto|false|false&#8221; custom_padding=&#8221;|80px||80px|true|true&#8221; custom_padding_tablet=&#8221;&#8221; custom_padding_phone=&#8221;|15px||15px|true|true&#8221; border_radii=&#8221;on|10px|10px|10px|10px&#8221; border_width_all=&#8221;1px&#8221; border_color_all=&#8221;RGBA(0,0,0,0)&#8221; box_shadow_style=&#8221;preset1&#8243; locked=&#8221;off&#8221;][et_pb_column type=&#8221;1_4&#8243; _builder_version=&#8221;3.25&#8243; custom_padding=&#8221;|||&#8221; custom_padding__hover=&#8221;|||&#8221;][et_pb_image src=&#8221;https:\/\/elgaragehub.com\/gobiernodemexicali\/innovandolaculturaambiental\/wp-content\/uploads\/2021\/05\/Logo-linea-verde-Areas-verdes.png&#8221; title_text=&#8221;Logo l\u00ednea verde &#8211; \u00c1reas verdes&#8221; align=&#8221;center&#8221; align_tablet=&#8221;center&#8221; align_phone=&#8221;&#8221; align_last_edited=&#8221;on|desktop&#8221; _builder_version=&#8221;4.9.0&#8243; background_color=&#8221;RGBA(0,0,0,0)&#8221; background_enable_image=&#8221;off&#8221; background_size=&#8221;contain&#8221; max_width=&#8221;82%&#8221; max_width_tablet=&#8221;&#8221; max_width_phone=&#8221;60%&#8221; max_width_last_edited=&#8221;on|phone&#8221; animation_style=&#8221;zoom&#8221; animation_intensity_zoom=&#8221;10%&#8221; animation=&#8221;top&#8221;][\/et_pb_image][\/et_pb_column][et_pb_column type=&#8221;3_4&#8243; _builder_version=&#8221;3.25&#8243; custom_padding=&#8221;|||&#8221; custom_padding__hover=&#8221;|||&#8221;][et_pb_text _builder_version=&#8221;4.9.0&#8243; text_font=&#8221;||||||||&#8221; text_font_size=&#8221;15px&#8221; text_line_height=&#8221;2em&#8221; header_font=&#8221;||||||||&#8221; header_font_size=&#8221;56px&#8221; header_2_font=&#8221;Bebas Neue|700|||||||&#8221; header_2_text_color=&#8221;#32855e&#8221; header_2_font_size=&#8221;28px&#8221; header_2_line_height=&#8221;1.6em&#8221; header_3_font=&#8221;Merriweather|700|||||||&#8221; header_3_text_color=&#8221;#ffc47c&#8221; header_3_font_size=&#8221;18px&#8221; header_3_line_height=&#8221;1.8em&#8221; header_2_font_size_tablet=&#8221;&#8221; header_2_font_size_phone=&#8221;20px&#8221; header_2_font_size_last_edited=&#8221;on|phone&#8221; header_3_font_size_tablet=&#8221;&#8221; header_3_font_size_phone=&#8221;14px&#8221; header_3_font_size_last_edited=&#8221;on|phone&#8221; locked=&#8221;off&#8221;]<\/p>\n<h2>6. \u00c1reas verdes<\/h2>\n<p><strong><\/strong><span style=\"font-weight: 400;\"><strong>Duraci\u00f3n<\/strong>: 1 hora<br \/><strong>Objetivo<\/strong>: El participante conocer\u00e1 las caracter\u00edsticas, importancia y retos actuales relacionados a las \u00c1reas verdes de Mexicali, Baja California y su conexi\u00f3n con la curr\u00edcula educativa. <br \/><\/span><\/p>\n<p>[\/et_pb_text][et_pb_button button_url=&#8221;https:\/\/drive.google.com\/file\/d\/1J6r4ZgRFuroi67YGnKvU4xaIKge1I1SM\/view?usp=sharing&#8221; button_text=&#8221;Video&#8221; button_alignment=&#8221;left&#8221; module_class=&#8221;btn-inline&#8221; _builder_version=&#8221;4.9.0&#8243; custom_button=&#8221;on&#8221; button_text_size=&#8221;20px&#8221; button_text_color=&#8221;#ffffff&#8221; button_bg_use_color_gradient=&#8221;on&#8221; button_bg_color_gradient_start=&#8221;#57ac5a&#8221; button_bg_color_gradient_end=&#8221;#7db667&#8243; button_bg_color_gradient_direction=&#8221;-60deg&#8221; button_border_width=&#8221;0px&#8221; button_border_radius=&#8221;6px&#8221; button_font=&#8221;Bebas Neue||||||||&#8221; custom_margin=&#8221;||||false|false&#8221; custom_padding=&#8221;10px|40px|10px|40px|true|true&#8221; custom_padding_tablet=&#8221;|10px||10px|true|true&#8221; custom_padding_phone=&#8221;&#8221; custom_padding_last_edited=&#8221;on|tablet&#8221; custom_css_before=&#8221;  width: auto !important;||  display: inline-block;||  margin-right: 10px;&#8221; locked=&#8221;off&#8221;][\/et_pb_button][et_pb_button button_url=&#8221;https:\/\/drive.google.com\/file\/d\/1k2Oum56xMhJFRiKCSXHz5lABCUjmbiYd\/view?usp=sharing&#8221; button_text=&#8221;Cuaderno de trabajo&#8221; button_alignment=&#8221;left&#8221; module_class=&#8221;btn-inline&#8221; _builder_version=&#8221;4.9.0&#8243; custom_button=&#8221;on&#8221; button_text_size=&#8221;20px&#8221; button_text_color=&#8221;#ffffff&#8221; button_bg_use_color_gradient=&#8221;on&#8221; button_bg_color_gradient_start=&#8221;#57ac5a&#8221; button_bg_color_gradient_end=&#8221;#7db667&#8243; button_bg_color_gradient_direction=&#8221;-60deg&#8221; button_border_width=&#8221;0px&#8221; button_border_radius=&#8221;6px&#8221; button_font=&#8221;Bebas Neue||||||||&#8221; custom_margin=&#8221;||||false|false&#8221; custom_padding=&#8221;10px|40px|10px|40px|true|true&#8221; custom_padding_tablet=&#8221;|10px||10px|true|true&#8221; custom_padding_phone=&#8221;&#8221; custom_padding_last_edited=&#8221;on|tablet&#8221; custom_css_before=&#8221;  width: auto !important;||  display: inline-block;||  margin-right: 10px;&#8221; locked=&#8221;off&#8221;][\/et_pb_button][\/et_pb_column][\/et_pb_row][et_pb_row column_structure=&#8221;1_4,3_4&#8243; custom_padding_last_edited=&#8221;on|phone&#8221; _builder_version=&#8221;4.9.0&#8243; background_color=&#8221;#FFFFFF&#8221; custom_margin=&#8221;-13px|auto|29px|auto|false|false&#8221; custom_padding=&#8221;|80px||80px|true|true&#8221; custom_padding_tablet=&#8221;&#8221; custom_padding_phone=&#8221;|15px||15px|true|true&#8221; border_radii=&#8221;on|10px|10px|10px|10px&#8221; border_width_all=&#8221;1px&#8221; border_color_all=&#8221;RGBA(0,0,0,0)&#8221; box_shadow_style=&#8221;preset1&#8243; locked=&#8221;off&#8221;][et_pb_column type=&#8221;1_4&#8243; _builder_version=&#8221;3.25&#8243; custom_padding=&#8221;|||&#8221; custom_padding__hover=&#8221;|||&#8221;][et_pb_image src=&#8221;https:\/\/elgaragehub.com\/gobiernodemexicali\/innovandolaculturaambiental\/wp-content\/uploads\/2021\/05\/Logo-linea-verde-Manejo-de-residuos.png&#8221; title_text=&#8221;Logo l\u00ednea verde &#8211; Manejo de residuos&#8221; align=&#8221;center&#8221; align_tablet=&#8221;center&#8221; align_phone=&#8221;&#8221; align_last_edited=&#8221;on|desktop&#8221; _builder_version=&#8221;4.9.0&#8243; background_color=&#8221;RGBA(0,0,0,0)&#8221; background_enable_image=&#8221;off&#8221; background_size=&#8221;contain&#8221; max_width=&#8221;82%&#8221; max_width_tablet=&#8221;&#8221; max_width_phone=&#8221;60%&#8221; max_width_last_edited=&#8221;on|phone&#8221; animation_style=&#8221;zoom&#8221; animation_intensity_zoom=&#8221;10%&#8221; animation=&#8221;top&#8221;][\/et_pb_image][\/et_pb_column][et_pb_column type=&#8221;3_4&#8243; module_class=&#8221;card-content&#8221; _builder_version=&#8221;4.9.0&#8243; custom_padding=&#8221;|||&#8221; custom_padding__hover=&#8221;|||&#8221;][et_pb_text _builder_version=&#8221;4.9.0&#8243; text_font=&#8221;||||||||&#8221; text_font_size=&#8221;15px&#8221; text_line_height=&#8221;2em&#8221; header_font=&#8221;||||||||&#8221; header_font_size=&#8221;56px&#8221; header_2_font=&#8221;Bebas Neue|700|||||||&#8221; header_2_text_color=&#8221;#32855e&#8221; header_2_font_size=&#8221;28px&#8221; header_2_line_height=&#8221;1.6em&#8221; header_3_font=&#8221;Merriweather|700|||||||&#8221; header_3_text_color=&#8221;#ffc47c&#8221; header_3_font_size=&#8221;18px&#8221; header_3_line_height=&#8221;1.8em&#8221; header_2_font_size_tablet=&#8221;&#8221; header_2_font_size_phone=&#8221;20px&#8221; header_2_font_size_last_edited=&#8221;on|phone&#8221; header_3_font_size_tablet=&#8221;&#8221; header_3_font_size_phone=&#8221;14px&#8221; header_3_font_size_last_edited=&#8221;on|phone&#8221; locked=&#8221;off&#8221;]<\/p>\n<h2>7. Manejo de residuos<\/h2>\n<p><strong><\/strong><span style=\"font-weight: 400;\"><strong>Duraci\u00f3n:<\/strong> 1 hora<br \/><strong>Objetivo:<\/strong> El participante conocer\u00e1 las caracter\u00edsticas, importancia y retos actuales relacionados al eje de Manejo de residuos en la ciudad de Mexicali, Baja California y su conexi\u00f3n con la curr\u00edcula educativa. <br \/> <\/span><\/p>\n<p>[\/et_pb_text][et_pb_button button_url=&#8221;https:\/\/drive.google.com\/file\/d\/1Zkv3ZXgxM354GQODU6YxgqrCjqCvb7Q3\/view?usp=sharing&#8221; button_text=&#8221;Video&#8221; button_alignment=&#8221;left&#8221; module_class=&#8221;btn-inline&#8221; _builder_version=&#8221;4.9.0&#8243; custom_button=&#8221;on&#8221; button_text_size=&#8221;20px&#8221; button_text_color=&#8221;#ffffff&#8221; button_bg_use_color_gradient=&#8221;on&#8221; button_bg_color_gradient_start=&#8221;#57ac5a&#8221; button_bg_color_gradient_end=&#8221;#7db667&#8243; button_bg_color_gradient_direction=&#8221;-60deg&#8221; button_border_width=&#8221;0px&#8221; button_border_radius=&#8221;6px&#8221; button_font=&#8221;Bebas Neue||||||||&#8221; custom_margin=&#8221;||||false|false&#8221; custom_padding=&#8221;10px|40px|10px|40px|true|true&#8221; custom_padding_tablet=&#8221;|10px||10px|true|true&#8221; custom_padding_phone=&#8221;&#8221; custom_padding_last_edited=&#8221;on|tablet&#8221; custom_css_before=&#8221;  width: auto !important;||  display: inline-block;||  margin-right: 10px;&#8221; locked=&#8221;off&#8221;][\/et_pb_button][et_pb_button button_url=&#8221;https:\/\/drive.google.com\/file\/d\/1KRDZGs5WoV6BB_ugJhRSMvM0PsAdkrtk\/view?usp=sharing&#8221; button_text=&#8221;Cuaderno de trabajo&#8221; button_alignment=&#8221;left&#8221; module_class=&#8221;btn-inline&#8221; _builder_version=&#8221;4.9.0&#8243; custom_button=&#8221;on&#8221; button_text_size=&#8221;20px&#8221; button_text_color=&#8221;#ffffff&#8221; button_bg_use_color_gradient=&#8221;on&#8221; button_bg_color_gradient_start=&#8221;#57ac5a&#8221; button_bg_color_gradient_end=&#8221;#7db667&#8243; button_bg_color_gradient_direction=&#8221;-60deg&#8221; button_border_width=&#8221;0px&#8221; button_border_radius=&#8221;6px&#8221; button_font=&#8221;Bebas Neue||||||||&#8221; custom_margin=&#8221;||||false|false&#8221; custom_padding=&#8221;10px|40px|10px|40px|true|true&#8221; custom_padding_tablet=&#8221;|10px||10px|true|true&#8221; custom_padding_phone=&#8221;&#8221; custom_padding_last_edited=&#8221;on|tablet&#8221; custom_css_before=&#8221;  width: auto !important;||  display: inline-block;||  margin-right: 10px;&#8221; locked=&#8221;off&#8221;][\/et_pb_button][\/et_pb_column][\/et_pb_row][et_pb_row column_structure=&#8221;1_4,3_4&#8243; custom_padding_last_edited=&#8221;on|phone&#8221; module_class=&#8221;card-content&#8221; _builder_version=&#8221;4.9.0&#8243; background_color=&#8221;#FFFFFF&#8221; custom_margin=&#8221;-13px|auto|29px|auto|false|false&#8221; custom_padding=&#8221;|80px||80px|true|true&#8221; custom_padding_tablet=&#8221;&#8221; custom_padding_phone=&#8221;|15px||15px|true|true&#8221; border_radii=&#8221;on|10px|10px|10px|10px&#8221; border_width_all=&#8221;1px&#8221; border_color_all=&#8221;RGBA(0,0,0,0)&#8221; box_shadow_style=&#8221;preset1&#8243; locked=&#8221;off&#8221;][et_pb_column type=&#8221;1_4&#8243; _builder_version=&#8221;3.25&#8243; custom_padding=&#8221;|||&#8221; custom_padding__hover=&#8221;|||&#8221;][et_pb_image src=&#8221;https:\/\/elgaragehub.com\/gobiernodemexicali\/innovandolaculturaambiental\/wp-content\/uploads\/2021\/05\/Logo-linea-verde-Calidad-del-aire.png&#8221; title_text=&#8221;Logo l\u00ednea verde &#8211; Calidad del aire&#8221; align=&#8221;center&#8221; align_tablet=&#8221;center&#8221; align_phone=&#8221;&#8221; align_last_edited=&#8221;on|desktop&#8221; _builder_version=&#8221;4.9.0&#8243; background_color=&#8221;RGBA(0,0,0,0)&#8221; background_enable_image=&#8221;off&#8221; background_size=&#8221;contain&#8221; max_width=&#8221;82%&#8221; max_width_tablet=&#8221;&#8221; max_width_phone=&#8221;60%&#8221; max_width_last_edited=&#8221;on|phone&#8221; animation_style=&#8221;zoom&#8221; animation_intensity_zoom=&#8221;10%&#8221; animation=&#8221;top&#8221;][\/et_pb_image][\/et_pb_column][et_pb_column type=&#8221;3_4&#8243; _builder_version=&#8221;3.25&#8243; custom_padding=&#8221;|||&#8221; custom_padding__hover=&#8221;|||&#8221;][et_pb_text _builder_version=&#8221;4.9.0&#8243; text_font=&#8221;||||||||&#8221; text_font_size=&#8221;15px&#8221; text_line_height=&#8221;2em&#8221; header_font=&#8221;||||||||&#8221; header_font_size=&#8221;56px&#8221; header_2_font=&#8221;Bebas Neue|700|||||||&#8221; header_2_text_color=&#8221;#32855e&#8221; header_2_font_size=&#8221;28px&#8221; header_2_line_height=&#8221;1.6em&#8221; header_3_font=&#8221;Merriweather|700|||||||&#8221; header_3_text_color=&#8221;#ffc47c&#8221; header_3_font_size=&#8221;18px&#8221; header_3_line_height=&#8221;1.8em&#8221; header_2_font_size_tablet=&#8221;&#8221; header_2_font_size_phone=&#8221;20px&#8221; header_2_font_size_last_edited=&#8221;on|phone&#8221; header_3_font_size_tablet=&#8221;&#8221; header_3_font_size_phone=&#8221;14px&#8221; header_3_font_size_last_edited=&#8221;on|phone&#8221; locked=&#8221;off&#8221; button_alignment=&#8221;left&#8221; module_class=&#8221;btn-inline&#8221; custom_button=&#8221;on&#8221; button_text_size=&#8221;20px&#8221; button_text_color=&#8221;#ffffff&#8221; button_bg_use_color_gradient=&#8221;on&#8221; button_bg_color_gradient_start=&#8221;#57ac5a&#8221; button_bg_color_gradient_end=&#8221;#7db667&#8243; button_bg_color_gradient_direction=&#8221;-60deg&#8221; button_border_width=&#8221;0px&#8221; button_border_radius=&#8221;6px&#8221; button_font=&#8221;Bebas Neue||||||||&#8221; custom_css_before=&#8221;  width: auto !important;||  display: inline-block;||  margin-right: 10px;&#8221;]<\/p>\n<h2>8. Calidad del aire<\/h2>\n<p><strong><\/strong><span style=\"font-weight: 400;\"><strong>Duraci\u00f3n:<\/strong> 1 hora<br \/><strong>Objetivo:<\/strong> El participante conocer\u00e1 las caracter\u00edsticas, importancia y retos actuales relacionados al eje de Calidad del Aire en el contexto de la ciudad de Mexicali, Baja California y su conexi\u00f3n con la curr\u00edcula educativa. <br \/> <\/span><\/p>\n<p>[\/et_pb_text][et_pb_button button_url=&#8221;https:\/\/drive.google.com\/file\/d\/1m2l0aDp_3efVuIi6SMbxRgrUm6Cn7VnM\/view?usp=sharing&#8221; button_text=&#8221;Video&#8221; button_alignment=&#8221;left&#8221; module_class=&#8221;btn-inline&#8221; _builder_version=&#8221;4.9.0&#8243; custom_button=&#8221;on&#8221; button_text_size=&#8221;20px&#8221; button_text_color=&#8221;#ffffff&#8221; button_bg_use_color_gradient=&#8221;on&#8221; button_bg_color_gradient_start=&#8221;#57ac5a&#8221; button_bg_color_gradient_end=&#8221;#7db667&#8243; button_bg_color_gradient_direction=&#8221;-60deg&#8221; button_border_width=&#8221;0px&#8221; button_border_radius=&#8221;6px&#8221; button_font=&#8221;Bebas Neue||||||||&#8221; custom_margin=&#8221;||||false|false&#8221; custom_padding=&#8221;10px|40px|10px|40px|true|true&#8221; custom_padding_tablet=&#8221;|10px||10px|true|true&#8221; custom_padding_phone=&#8221;&#8221; custom_padding_last_edited=&#8221;on|tablet&#8221; custom_css_before=&#8221;  width: auto !important;||  display: inline-block;||  margin-right: 10px;&#8221; locked=&#8221;off&#8221;][\/et_pb_button][et_pb_button button_url=&#8221;https:\/\/drive.google.com\/file\/d\/1z9tH6DGz565EugYoTA0KPcQiDnmHnaA2\/view?usp=sharing&#8221; button_text=&#8221;Cuaderno de trabajo&#8221; button_alignment=&#8221;left&#8221; module_class=&#8221;btn-inline&#8221; _builder_version=&#8221;4.9.0&#8243; custom_button=&#8221;on&#8221; button_text_size=&#8221;20px&#8221; button_text_color=&#8221;#ffffff&#8221; button_bg_use_color_gradient=&#8221;on&#8221; button_bg_color_gradient_start=&#8221;#57ac5a&#8221; button_bg_color_gradient_end=&#8221;#7db667&#8243; button_bg_color_gradient_direction=&#8221;-60deg&#8221; button_border_width=&#8221;0px&#8221; button_border_radius=&#8221;6px&#8221; button_font=&#8221;Bebas Neue||||||||&#8221; custom_margin=&#8221;||||false|false&#8221; custom_padding=&#8221;10px|40px|10px|40px|true|true&#8221; custom_padding_tablet=&#8221;|10px||10px|true|true&#8221; custom_padding_phone=&#8221;&#8221; custom_padding_last_edited=&#8221;on|tablet&#8221; custom_css_before=&#8221;  width: auto !important;||  display: inline-block;||  margin-right: 10px;&#8221; locked=&#8221;off&#8221;][\/et_pb_button][\/et_pb_column][\/et_pb_row][et_pb_row column_structure=&#8221;1_4,3_4&#8243; custom_padding_last_edited=&#8221;on|phone&#8221; _builder_version=&#8221;4.9.0&#8243; background_color=&#8221;#FFFFFF&#8221; custom_margin=&#8221;-13px|auto|29px|auto|false|false&#8221; custom_padding=&#8221;|80px||80px|true|true&#8221; custom_padding_tablet=&#8221;&#8221; custom_padding_phone=&#8221;|15px||15px|true|true&#8221; border_radii=&#8221;on|10px|10px|10px|10px&#8221; border_width_all=&#8221;1px&#8221; border_color_all=&#8221;RGBA(0,0,0,0)&#8221; box_shadow_style=&#8221;preset1&#8243; locked=&#8221;off&#8221;][et_pb_column type=&#8221;1_4&#8243; _builder_version=&#8221;3.25&#8243; custom_padding=&#8221;|||&#8221; custom_padding__hover=&#8221;|||&#8221;][et_pb_image src=&#8221;https:\/\/elgaragehub.com\/gobiernodemexicali\/innovandolaculturaambiental\/wp-content\/uploads\/2021\/05\/Logo-linea-verde-Educacion-basada-en-el-lugar.png&#8221; title_text=&#8221;Logo l\u00ednea verde &#8211; Educaci\u00f3n basada en el lugar&#8221; align=&#8221;center&#8221; align_tablet=&#8221;center&#8221; align_phone=&#8221;&#8221; align_last_edited=&#8221;on|desktop&#8221; _builder_version=&#8221;4.9.0&#8243; background_color=&#8221;RGBA(0,0,0,0)&#8221; background_enable_image=&#8221;off&#8221; background_size=&#8221;contain&#8221; max_width=&#8221;82%&#8221; max_width_tablet=&#8221;&#8221; max_width_phone=&#8221;60%&#8221; max_width_last_edited=&#8221;on|phone&#8221; animation_style=&#8221;zoom&#8221; animation_intensity_zoom=&#8221;10%&#8221; animation=&#8221;top&#8221;][\/et_pb_image][\/et_pb_column][et_pb_column type=&#8221;3_4&#8243; module_class=&#8221;card-content&#8221; _builder_version=&#8221;4.9.0&#8243; custom_padding=&#8221;|||&#8221; custom_padding__hover=&#8221;|||&#8221;][et_pb_text _builder_version=&#8221;4.9.0&#8243; text_font=&#8221;||||||||&#8221; text_font_size=&#8221;15px&#8221; text_line_height=&#8221;2em&#8221; header_font=&#8221;||||||||&#8221; header_font_size=&#8221;56px&#8221; header_2_font=&#8221;Bebas Neue|700|||||||&#8221; header_2_text_color=&#8221;#32855e&#8221; header_2_font_size=&#8221;28px&#8221; header_2_line_height=&#8221;1.6em&#8221; header_3_font=&#8221;Merriweather|700|||||||&#8221; header_3_text_color=&#8221;#ffc47c&#8221; header_3_font_size=&#8221;18px&#8221; header_3_line_height=&#8221;1.8em&#8221; header_2_font_size_tablet=&#8221;&#8221; header_2_font_size_phone=&#8221;20px&#8221; header_2_font_size_last_edited=&#8221;on|phone&#8221; header_3_font_size_tablet=&#8221;&#8221; header_3_font_size_phone=&#8221;14px&#8221; header_3_font_size_last_edited=&#8221;on|phone&#8221; locked=&#8221;off&#8221;]<\/p>\n<h2>9. Dise\u00f1o de proyecto STEM basado en el lugar<\/h2>\n<p><strong><\/strong><span style=\"font-weight: 400;\"><strong>Duraci\u00f3n:<\/strong> 2 horas<br \/><strong>Objetivo:<\/strong> El participante producir\u00e1 un plan de actividad apropiados para sus programas educativos actuales o futuros, integrando los conocimientos presentados en la capacitaci\u00f3n. <br \/> <\/span><\/p>\n<p>[\/et_pb_text][et_pb_button button_url=&#8221;https:\/\/drive.google.com\/file\/d\/1cy1L_jE5NxBR-WUhq6GzS9jMn7UC4MOO\/view?usp=sharing&#8221; button_text=&#8221;Video 1&#8243; button_alignment=&#8221;left&#8221; module_class=&#8221;btn-inline&#8221; _builder_version=&#8221;4.9.0&#8243; custom_button=&#8221;on&#8221; button_text_size=&#8221;20px&#8221; button_text_color=&#8221;#ffffff&#8221; button_bg_use_color_gradient=&#8221;on&#8221; button_bg_color_gradient_start=&#8221;#57ac5a&#8221; button_bg_color_gradient_end=&#8221;#7db667&#8243; button_bg_color_gradient_direction=&#8221;-60deg&#8221; button_border_width=&#8221;0px&#8221; button_border_radius=&#8221;6px&#8221; button_font=&#8221;Bebas Neue||||||||&#8221; custom_margin=&#8221;||||false|false&#8221; custom_padding=&#8221;10px|40px|10px|40px|true|true&#8221; custom_padding_tablet=&#8221;|10px||10px|true|true&#8221; custom_padding_phone=&#8221;&#8221; custom_padding_last_edited=&#8221;on|tablet&#8221; custom_css_before=&#8221;  width: auto !important;||  display: inline-block;||  margin-right: 10px;&#8221; locked=&#8221;off&#8221;][\/et_pb_button][et_pb_button button_url=&#8221;https:\/\/drive.google.com\/file\/d\/1kFMmHtRyMA6iDr7BTnT0Bg9PAk6_aiwV\/view?usp=sharing&#8221; button_text=&#8221;Video 2&#8243; button_alignment=&#8221;left&#8221; module_class=&#8221;btn-inline&#8221; _builder_version=&#8221;4.9.0&#8243; custom_button=&#8221;on&#8221; button_text_size=&#8221;20px&#8221; button_text_color=&#8221;#ffffff&#8221; button_bg_use_color_gradient=&#8221;on&#8221; button_bg_color_gradient_start=&#8221;#57ac5a&#8221; button_bg_color_gradient_end=&#8221;#7db667&#8243; button_bg_color_gradient_direction=&#8221;-60deg&#8221; button_border_width=&#8221;0px&#8221; button_border_radius=&#8221;6px&#8221; button_font=&#8221;Bebas Neue||||||||&#8221; custom_margin=&#8221;||||false|false&#8221; custom_padding=&#8221;10px|40px|10px|40px|true|true&#8221; custom_padding_tablet=&#8221;|10px||10px|true|true&#8221; custom_padding_phone=&#8221;&#8221; custom_padding_last_edited=&#8221;on|tablet&#8221; custom_css_before=&#8221;  width: auto !important;||  display: inline-block;||  margin-right: 10px;&#8221; custom_css_main_element=&#8221;display:inline-block;&#8221; locked=&#8221;off&#8221;][\/et_pb_button][et_pb_button button_url=&#8221;https:\/\/drive.google.com\/file\/d\/1T9VWm-SuzHUe3SlNOnP5oH5Xss9-TvxM\/view?usp=sharing&#8221; button_text=&#8221;Cuaderno de trabajo&#8221; button_alignment=&#8221;left&#8221; module_class=&#8221;btn-inline&#8221; _builder_version=&#8221;4.9.0&#8243; custom_button=&#8221;on&#8221; button_text_size=&#8221;20px&#8221; button_text_color=&#8221;#ffffff&#8221; button_bg_use_color_gradient=&#8221;on&#8221; button_bg_color_gradient_start=&#8221;#57ac5a&#8221; button_bg_color_gradient_end=&#8221;#7db667&#8243; button_bg_color_gradient_direction=&#8221;-60deg&#8221; button_border_width=&#8221;0px&#8221; button_border_radius=&#8221;6px&#8221; button_font=&#8221;Bebas Neue||||||||&#8221; custom_margin=&#8221;||||false|false&#8221; custom_padding=&#8221;10px|40px|10px|40px|true|true&#8221; custom_padding_tablet=&#8221;|10px||10px|true|true&#8221; custom_padding_phone=&#8221;&#8221; custom_padding_last_edited=&#8221;on|tablet&#8221; custom_css_before=&#8221;  width: auto !important;||  display: inline-block;||  margin-right: 10px;&#8221; locked=&#8221;off&#8221;][\/et_pb_button][\/et_pb_column][\/et_pb_row][\/et_pb_section][et_pb_section fb_built=&#8221;1&#8243; specialty=&#8221;on&#8221; padding_top_2=&#8221;120px&#8221; padding_2_tablet=&#8221;0px|||&#8221; padding_2_phone=&#8221;&#8221; padding_2_last_edited=&#8221;on|tablet&#8221; admin_label=&#8221;Footer&#8221; _builder_version=&#8221;4.9.0&#8243; background_image=&#8221;https:\/\/elgaragehub.com\/gobiernodemexicali\/innovandolaculturaambiental\/wp-content\/uploads\/2021\/05\/Fondo-web-Footer-min1.png&#8221; custom_padding=&#8221;14vw||8vw||false|&#8221; top_divider_height=&#8221;15vw&#8221; top_divider_repeat=&#8221;0.5x&#8221; global_module=&#8221;323&#8243; saved_tabs=&#8221;all&#8221; locked=&#8221;off&#8221;][et_pb_column type=&#8221;1_2&#8243; _builder_version=&#8221;3.25&#8243; custom_padding=&#8221;|||&#8221; custom_padding__hover=&#8221;|||&#8221;][\/et_pb_column][et_pb_column type=&#8221;1_2&#8243; specialty_columns=&#8221;2&#8243; _builder_version=&#8221;3.25&#8243; custom_padding=&#8221;|||&#8221; custom_padding__hover=&#8221;|||&#8221;][et_pb_row_inner _builder_version=&#8221;4.9.0&#8243; background_color=&#8221;#ffffff&#8221; custom_margin=&#8221;-80px||||false|false&#8221; custom_margin_tablet=&#8221;0px||||false|false&#8221; custom_margin_phone=&#8221;&#8221; custom_margin_last_edited=&#8221;on|desktop&#8221; custom_padding=&#8221;41px|40px|41px|40px|true|true&#8221; border_radii=&#8221;on|6px|6px|6px|6px&#8221; box_shadow_style=&#8221;preset1&#8243; box_shadow_vertical=&#8221;20px&#8221; box_shadow_blur=&#8221;40px&#8221; box_shadow_color=&#8221;rgba(0,40,85,0.4)&#8221;][et_pb_column_inner saved_specialty_column_type=&#8221;1_2&#8243; _builder_version=&#8221;3.25&#8243; custom_padding=&#8221;|||&#8221; custom_padding__hover=&#8221;|||&#8221;][et_pb_text _builder_version=&#8221;4.9.0&#8243; text_font=&#8221;Bebas Neue|500|||||||&#8221; text_text_color=&#8221;#002855&#8243; text_font_size=&#8221;24px&#8221; text_letter_spacing=&#8221;0.5px&#8221; text_line_height=&#8221;2em&#8221; header_3_font=&#8221;|700|||||||&#8221; header_3_text_color=&#8221;#002855&#8243; transform_scale_tablet=&#8221;&#8221; transform_scale_phone=&#8221;&#8221; transform_scale_last_edited=&#8221;on|desktop&#8221; transform_translate_tablet=&#8221;&#8221; transform_translate_phone=&#8221;&#8221; transform_translate_last_edited=&#8221;on|desktop&#8221; transform_rotate_tablet=&#8221;&#8221; transform_rotate_phone=&#8221;&#8221; transform_rotate_last_edited=&#8221;on|desktop&#8221; transform_skew_tablet=&#8221;&#8221; transform_skew_phone=&#8221;&#8221; transform_skew_last_edited=&#8221;on|desktop&#8221; transform_origin_tablet=&#8221;&#8221; transform_origin_phone=&#8221;&#8221; transform_origin_last_edited=&#8221;on|desktop&#8221; transform_styles_last_edited=&#8221;on|desktop&#8221; text_font_size_tablet=&#8221;&#8221; text_font_size_phone=&#8221;18px&#8221; text_font_size_last_edited=&#8221;on|phone&#8221; text_letter_spacing_tablet=&#8221;&#8221; text_letter_spacing_phone=&#8221;0px&#8221; text_letter_spacing_last_edited=&#8221;on|tablet&#8221; transform_styles_tablet=&#8221;&#8221; transform_styles_phone=&#8221;&#8221; locked=&#8221;off&#8221;]<\/p>\n<h3><a href=\"tel:6865560636\">(686) 556 0636<\/a><br \/> <a href=\"mailto:innovandolaculturaambiental@gmail.com\"><\/a><\/h3>\n<h3><a href=\"mailto:innovandolaculturaambiental@gmail.com\">innovandolaculturaambiental@gmail.com<\/a><\/h3>\n<p>Avenida Reforma #508 y Jose Maria Morelos 21100 Mexicali, Pen\u00ednsula de Baja California, M\u00e9xico<\/p>\n<p>[\/et_pb_text][et_pb_social_media_follow _builder_version=&#8221;4.9.0&#8243;][et_pb_social_media_follow_network social_network=&#8221;facebook&#8221; url=&#8221;https:\/\/www.facebook.com\/ProteccionalAmbienteMexicali&#8221; _builder_version=&#8221;4.9.0&#8243; background_color=&#8221;#3b5998&#8243; custom_margin=&#8221;|4px||4px||true&#8221; custom_padding=&#8221;8px|8px|8px|8px|true|true&#8221; follow_button=&#8221;off&#8221; url_new_window=&#8221;on&#8221;]facebook[\/et_pb_social_media_follow_network][et_pb_social_media_follow_network social_network=&#8221;youtube&#8221; url=&#8221;https:\/\/www.youtube.com\/channel\/UC4pcKCP659AcO9X0xce_O_A\/featured&#8221; _builder_version=&#8221;4.9.0&#8243; background_color=&#8221;#a82400&#8243; custom_margin=&#8221;|4px||4px||true&#8221; custom_padding=&#8221;8px|8px|8px|8px|true|true&#8221; follow_button=&#8221;off&#8221; url_new_window=&#8221;on&#8221;]youtube[\/et_pb_social_media_follow_network][\/et_pb_social_media_follow][\/et_pb_column_inner][\/et_pb_row_inner][\/et_pb_column][\/et_pb_section]<\/p>\n","protected":false},"excerpt":{"rendered":"<p>[et_pb_section fb_built=&#8221;1&#8243; custom_padding_last_edited=&#8221;on|tablet&#8221; admin_label=&#8221;Header&#8221; _builder_version=&#8221;4.9.0&#8243; background_color=&#8221;#fcfaf7&#8243; background_image=&#8221;https:\/\/elgaragehub.com\/gobiernodemexicali\/innovandolaculturaambiental\/wp-content\/uploads\/2021\/05\/Fondo-web-Header1.png&#8221; background_size=&#8221;contain&#8221; background_position=&#8221;top_left&#8221; custom_padding=&#8221;||65px|||&#8221; custom_padding_tablet=&#8221;||0vw|&#8221; custom_padding_phone=&#8221;&#8221; bottom_divider_height=&#8221;80%&#8221; bottom_divider_repeat=&#8221;0.6x&#8221; bottom_divider_flip=&#8221;vertical|horizontal&#8221;][et_pb_row _builder_version=&#8221;4.9.0&#8243; custom_margin=&#8221;200px|auto||auto||&#8221; custom_margin_tablet=&#8221;||&#8221; custom_margin_phone=&#8221;0px|||&#8221; custom_margin_last_edited=&#8221;on|tablet&#8221;][et_pb_column type=&#8221;4_4&#8243; _builder_version=&#8221;3.25&#8243; custom_padding=&#8221;|||&#8221; custom_padding__hover=&#8221;|||&#8221;][et_pb_image src=&#8221;https:\/\/elgaragehub.com\/gobiernodemexicali\/innovandolaculturaambiental\/wp-content\/uploads\/2021\/05\/Logo-Capacitacion-docente.png&#8221; title_text=&#8221;Logo Capacitaci\u00f3n docente&#8221; align=&#8221;center&#8221; _builder_version=&#8221;4.9.0&#8243; width=&#8221;60%&#8221; width_tablet=&#8221;500px&#8221; width_phone=&#8221;300px&#8221; width_last_edited=&#8221;on|desktop&#8221; custom_margin=&#8221;||24px|||&#8221; custom_padding=&#8221;||0px|||&#8221; always_center_on_mobile=&#8221;off&#8221;][\/et_pb_image][et_pb_text _builder_version=&#8221;4.9.0&#8243; header_font=&#8221;||||||||&#8221; header_2_font=&#8221;|500|||||||&#8221; header_2_text_align=&#8221;left&#8221; header_2_text_color=&#8221;#002855&#8243; header_2_line_height=&#8221;1.2em&#8221; custom_margin=&#8221;||30px||false|false&#8221; hover_enabled=&#8221;0&#8243; header_2_font_size_tablet=&#8221;36px&#8221; header_2_font_size_phone=&#8221;18px&#8221; header_2_font_size_last_edited=&#8221;on|phone&#8221; header_2_letter_spacing_tablet=&#8221;0px&#8221; header_2_letter_spacing_phone=&#8221;0px&#8221; header_2_letter_spacing_last_edited=&#8221;off|tablet&#8221; locked=&#8221;off&#8221; header_2_font_size=&#8221;22px&#8221; sticky_enabled=&#8221;0&#8243;] Al [&hellip;]<\/p>\n","protected":false},"author":1,"featured_media":0,"parent":0,"menu_order":0,"comment_status":"closed","ping_status":"closed","template":"","meta":{"_et_pb_use_builder":"on","_et_pb_old_content":"","_et_gb_content_width":""},"_links":{"self":[{"href":"https:\/\/elgaragehub.com\/gobiernodemexicali\/innovandolaculturaambiental\/wp-json\/wp\/v2\/pages\/177"}],"collection":[{"href":"https:\/\/elgaragehub.com\/gobiernodemexicali\/innovandolaculturaambiental\/wp-json\/wp\/v2\/pages"}],"about":[{"href":"https:\/\/elgaragehub.com\/gobiernodemexicali\/innovandolaculturaambiental\/wp-json\/wp\/v2\/types\/page"}],"author":[{"embeddable":true,"href":"https:\/\/elgaragehub.com\/gobiernodemexicali\/innovandolaculturaambiental\/wp-json\/wp\/v2\/users\/1"}],"replies":[{"embeddable":true,"href":"https:\/\/elgaragehub.com\/gobiernodemexicali\/innovandolaculturaambiental\/wp-json\/wp\/v2\/comments?post=177"}],"version-history":[{"count":31,"href":"https:\/\/elgaragehub.com\/gobiernodemexicali\/innovandolaculturaambiental\/wp-json\/wp\/v2\/pages\/177\/revisions"}],"predecessor-version":[{"id":519,"href":"https:\/\/elgaragehub.com\/gobiernodemexicali\/innovandolaculturaambiental\/wp-json\/wp\/v2\/pages\/177\/revisions\/519"}],"wp:attachment":[{"href":"https:\/\/elgaragehub.com\/gobiernodemexicali\/innovandolaculturaambiental\/wp-json\/wp\/v2\/media?parent=177"}],"curies":[{"name":"wp","href":"https:\/\/api.w.org\/{rel}","templated":true}]}}